{"id":7274,"date":"2025-12-20T15:33:57","date_gmt":"2025-12-20T14:33:57","guid":{"rendered":"https:\/\/samochody.pewneauto.de\/?post_type=vehizo_vehicle&#038;p=7274"},"modified":"2025-12-20T21:14:09","modified_gmt":"2025-12-20T20:14:09","slug":"hyundai-i20-rata-od-233-euro-1-0-t-gdi-m-t-trend-pakiet-nawigacyjny-i-pakiet-komfortu","status":"publish","type":"vehizo_vehicle","link":"http:\/\/samochody.pewneauto.de\/pl\/vehicle\/hyundai-i20-rata-od-233-euro-1-0-t-gdi-m-t-trend-pakiet-nawigacyjny-i-pakiet-komfortu\/","title":{"rendered":"Hyundai i20 od 233 euro 1.0 T-Gdi M\/T TREND pakiet nawigacyjny i pakiet komfortu"},"content":{"rendered":"<h3><strong><span dir=\"auto\" style=\"vertical-align: inherit\"><span dir=\"auto\" style=\"vertical-align: inherit\"><span dir=\"auto\" style=\"vertical-align: inherit\"><span dir=\"auto\" style=\"vertical-align: inherit\"><span dir=\"auto\" style=\"vertical-align: inherit\"><span dir=\"auto\" style=\"vertical-align: inherit\"><span dir=\"auto\" style=\"vertical-align: inherit\"><span dir=\"auto\" style=\"vertical-align: inherit\"><span dir=\"auto\" style=\"vertical-align: inherit\"><span dir=\"auto\" style=\"vertical-align: inherit\"><span dir=\"auto\" style=\"vertical-align: inherit\"><span dir=\"auto\" style=\"vertical-align: inherit\">Hyundai i20 od 233 euro 1.0 T-Gdi M\/T TREND pakiet nawigacyjny i pakiet komfortu<\/span><\/span><\/span><\/span><\/span><\/span><\/span><\/span><\/span><\/span><\/span><\/span><\/strong><\/h3>\n<p><img fetchpriority=\"high\" decoding=\"async\" class=\"alignnone size-medium wp-image-7288\" src=\"http:\/\/samochody.pewneauto.de\/wp-content\/uploads\/2025\/12\/WhatsApp-Image-2025-12-20-at-17.03.21-300x197.jpeg\" alt=\"\" width=\"300\" height=\"197\" srcset=\"http:\/\/samochody.pewneauto.de\/wp-content\/uploads\/2025\/12\/WhatsApp-Image-2025-12-20-at-17.03.21-300x197.jpeg 300w, http:\/\/samochody.pewneauto.de\/wp-content\/uploads\/2025\/12\/WhatsApp-Image-2025-12-20-at-17.03.21-1024x672.jpeg 1024w, http:\/\/samochody.pewneauto.de\/wp-content\/uploads\/2025\/12\/WhatsApp-Image-2025-12-20-at-17.03.21-768x504.jpeg 768w, http:\/\/samochody.pewneauto.de\/wp-content\/uploads\/2025\/12\/WhatsApp-Image-2025-12-20-at-17.03.21-1536x1009.jpeg 1536w, http:\/\/samochody.pewneauto.de\/wp-content\/uploads\/2025\/12\/WhatsApp-Image-2025-12-20-at-17.03.21-18x12.jpeg 18w, http:\/\/samochody.pewneauto.de\/wp-content\/uploads\/2025\/12\/WhatsApp-Image-2025-12-20-at-17.03.21.jpeg 1599w\" sizes=\"(max-width: 300px) 100vw, 300px\" \/><\/p>\n<h1><strong>Gwarancja, pomoc w ubezpieczeniu i rejestracji.<\/strong><\/h1>\n<p>\u2014\u2014\u2014\u2014\u2014\u2014\u2014\u2014\u2014\u2014\u2014\u2014\u2014\u2014\u2014<\/p>\n<h2><strong>Wymagania zakupu na raty:\u00a0<\/strong><\/h2>\n<ul>\n<li>meldunek<\/li>\n<li>konto niemieckie<\/li>\n<li>ostatni lohn od pracodawcy<\/li>\n<\/ul>\n<h2><span dir=\"auto\">Pomoc w ubezpieczeniu i rejestracji.<\/span><\/h2>\n<p><span dir=\"auto\">Zapytaj o auto:<\/span><\/p>\n<p><a href=\"https:\/\/wa.me\/4917641674738\">https:\/\/wa.me\/4917641674738<\/a><\/p>\n<p>Kalkulator Rat :<\/p>\n<p><a href=\"https:\/\/pewneauto.de\/kalkulator-kredytu-samochodowego\/\">https:\/\/pewneauto.de\/kalkulator-kredytu-samochodowego\/<\/a><\/p>\n<p><img decoding=\"async\" class=\"alignnone size-medium wp-image-7283\" src=\"http:\/\/samochody.pewneauto.de\/wp-content\/uploads\/2025\/12\/WhatsApp-Image-2025-12-20-at-17.01.29-2-300x219.jpeg\" alt=\"\" width=\"300\" height=\"219\" srcset=\"http:\/\/samochody.pewneauto.de\/wp-content\/uploads\/2025\/12\/WhatsApp-Image-2025-12-20-at-17.01.29-2-300x219.jpeg 300w, http:\/\/samochody.pewneauto.de\/wp-content\/uploads\/2025\/12\/WhatsApp-Image-2025-12-20-at-17.01.29-2-1024x748.jpeg 1024w, http:\/\/samochody.pewneauto.de\/wp-content\/uploads\/2025\/12\/WhatsApp-Image-2025-12-20-at-17.01.29-2-768x561.jpeg 768w, http:\/\/samochody.pewneauto.de\/wp-content\/uploads\/2025\/12\/WhatsApp-Image-2025-12-20-at-17.01.29-2-1536x1122.jpeg 1536w, http:\/\/samochody.pewneauto.de\/wp-content\/uploads\/2025\/12\/WhatsApp-Image-2025-12-20-at-17.01.29-2-16x12.jpeg 16w, http:\/\/samochody.pewneauto.de\/wp-content\/uploads\/2025\/12\/WhatsApp-Image-2025-12-20-at-17.01.29-2.jpeg 1599w\" sizes=\"(max-width: 300px) 100vw, 300px\" \/><\/p>\n<h3 data-start=\"207\" data-end=\"309\">Hyundai i20 1.0 T-GDI (100 KM) M\/T Intro Edition \u2013 bogate wyposa\u017cenie | Navi &amp; Plus | Kamera | LED<\/h3>\n<p data-start=\"311\" data-end=\"600\"><strong data-start=\"323\" data-end=\"362\">Hyundai i20 1.0 T-GDI Intro Edition<\/strong> z dynamicznym i oszcz\u0119dnym silnikiem benzynowym o mocy <strong data-start=\"418\" data-end=\"428\">100 KM<\/strong>, po\u0142\u0105czonym z <strong data-start=\"443\" data-end=\"481\">6-biegow\u0105 manualn\u0105 skrzyni\u0105 bieg\u00f3w<\/strong>. Samoch\u00f3d idealnie sprawdzi si\u0119 zar\u00f3wno w mie\u015bcie, jak i w trasie \u2013 nowoczesny, komfortowy i bardzo dobrze wyposa\u017cony.<\/p>\n<p data-start=\"602\" data-end=\"748\">Auto pochodzi z <strong data-start=\"618\" data-end=\"639\">grudnia 2020 roku<\/strong>, ma <strong data-start=\"644\" data-end=\"690\">niski, udokumentowany przebieg \u2013 30 552 km<\/strong>.<br data-start=\"691\" data-end=\"694\" \/>Pojazd by\u0142 <strong data-start=\"705\" data-end=\"747\">powypadkowy, naprawiony profesjonalnie<\/strong>.<\/p>\n<h3 data-start=\"755\" data-end=\"777\">\u00a0Dane techniczne<\/h3>\n<ul data-start=\"778\" data-end=\"1047\">\n<li data-start=\"778\" data-end=\"808\">\n<p data-start=\"780\" data-end=\"808\">Silnik: 1.0 T-GDI, benzyna<\/p>\n<\/li>\n<li data-start=\"809\" data-end=\"832\">\n<p data-start=\"811\" data-end=\"832\">Moc: 74 kW (100 KM)<\/p>\n<\/li>\n<li data-start=\"833\" data-end=\"873\">\n<p data-start=\"835\" data-end=\"873\">Skrzynia bieg\u00f3w: manualna, 6-biegowa<\/p>\n<\/li>\n<li data-start=\"874\" data-end=\"892\">\n<p data-start=\"876\" data-end=\"892\">Nap\u0119d: przedni<\/p>\n<\/li>\n<li data-start=\"893\" data-end=\"918\">\n<p data-start=\"895\" data-end=\"918\">Norma emisji: Euro 6d<\/p>\n<\/li>\n<li data-start=\"919\" data-end=\"941\">\n<p data-start=\"921\" data-end=\"941\">Pojemno\u015b\u0107: 998 cm\u00b3<\/p>\n<\/li>\n<li data-start=\"942\" data-end=\"965\">\n<p data-start=\"944\" data-end=\"965\">Liczba cylindr\u00f3w: 3<\/p>\n<\/li>\n<li data-start=\"966\" data-end=\"989\">\n<p data-start=\"968\" data-end=\"989\">Przebieg: 30 552 km<\/p>\n<\/li>\n<li data-start=\"990\" data-end=\"1022\">\n<p data-start=\"992\" data-end=\"1022\">Liczba drzwi \/ miejsc: 5 \/ 5<\/p>\n<\/li>\n<li data-start=\"1023\" data-end=\"1047\">\n<p data-start=\"1025\" data-end=\"1047\">Masa w\u0142asna: 1250 kg<\/p>\n<\/li>\n<\/ul>\n<h3 data-start=\"1054\" data-end=\"1077\">Wygl\u0105d i wn\u0119trze<\/h3>\n<ul data-start=\"1078\" data-end=\"1189\">\n<li data-start=\"1078\" data-end=\"1127\">\n<p data-start=\"1080\" data-end=\"1127\">Kolor nadwozia: <strong data-start=\"1096\" data-end=\"1125\">Polar White \/ czarny dach<\/strong><\/p>\n<\/li>\n<li data-start=\"1128\" data-end=\"1147\">\n<p data-start=\"1130\" data-end=\"1147\">Wn\u0119trze: czarne<\/p>\n<\/li>\n<li data-start=\"1148\" data-end=\"1168\">\n<p data-start=\"1150\" data-end=\"1168\">Felgi aluminiowe<\/p>\n<\/li>\n<li data-start=\"1169\" data-end=\"1189\">\n<p data-start=\"1171\" data-end=\"1189\">Opony ca\u0142oroczne<\/p>\n<\/li>\n<\/ul>\n<h3 data-start=\"1196\" data-end=\"1249\">Wyposa\u017cenie \u2013 wersja Intro + Pakiet Navi &amp; Plus<\/h3>\n<p data-start=\"1250\" data-end=\"1271\"><strong data-start=\"1250\" data-end=\"1271\">Komfort i wn\u0119trze<\/strong><\/p>\n<ul data-start=\"1272\" data-end=\"1500\">\n<li data-start=\"1272\" data-end=\"1301\">\n<p data-start=\"1274\" data-end=\"1301\">Klimatyzacja automatyczna<\/p>\n<\/li>\n<li data-start=\"1302\" data-end=\"1333\">\n<p data-start=\"1304\" data-end=\"1333\">Podgrzewane fotele przednie<\/p>\n<\/li>\n<li data-start=\"1334\" data-end=\"1376\">\n<p data-start=\"1336\" data-end=\"1376\">Podgrzewana, wielofunkcyjna kierownica<\/p>\n<\/li>\n<li data-start=\"1377\" data-end=\"1398\">\n<p data-start=\"1379\" data-end=\"1398\">Elektryczne szyby<\/p>\n<\/li>\n<li data-start=\"1399\" data-end=\"1424\">\n<p data-start=\"1401\" data-end=\"1424\">Pod\u0142okietnik \u015brodkowy<\/p>\n<\/li>\n<li data-start=\"1425\" data-end=\"1454\">\n<p data-start=\"1427\" data-end=\"1454\">Centralny zamek z pilotem<\/p>\n<\/li>\n<li data-start=\"1455\" data-end=\"1478\">\n<p data-start=\"1457\" data-end=\"1478\">Wyb\u00f3r profilu jazdy<\/p>\n<\/li>\n<li data-start=\"1479\" data-end=\"1500\">\n<p data-start=\"1481\" data-end=\"1500\">System Start\/Stop<\/p>\n<\/li>\n<\/ul>\n<p data-start=\"1502\" data-end=\"1530\"><strong data-start=\"1502\" data-end=\"1530\">Multimedia i technologia<\/strong><\/p>\n<ul data-start=\"1531\" data-end=\"1780\">\n<li data-start=\"1531\" data-end=\"1564\">\n<p data-start=\"1533\" data-end=\"1564\">System nawigacji satelitarnej<\/p>\n<\/li>\n<li data-start=\"1565\" data-end=\"1605\">\n<p data-start=\"1567\" data-end=\"1605\">Ekran dotykowy, kolorowy wy\u015bwietlacz<\/p>\n<\/li>\n<li data-start=\"1606\" data-end=\"1638\">\n<p data-start=\"1608\" data-end=\"1638\">Apple CarPlay &amp; Android Auto<\/p>\n<\/li>\n<li data-start=\"1639\" data-end=\"1663\">\n<p data-start=\"1641\" data-end=\"1663\">Radio, DAB, MP3, USB<\/p>\n<\/li>\n<li data-start=\"1664\" data-end=\"1700\">\n<p data-start=\"1666\" data-end=\"1700\">Bluetooth \u2013 zestaw g\u0142o\u015bnom\u00f3wi\u0105cy<\/p>\n<\/li>\n<li data-start=\"1701\" data-end=\"1723\">\n<p data-start=\"1703\" data-end=\"1723\">Komputer pok\u0142adowy<\/p>\n<\/li>\n<li data-start=\"1724\" data-end=\"1780\">\n<p data-start=\"1726\" data-end=\"1780\">Cyfrowy zestaw wska\u017anik\u00f3w (Virtual Cockpit \u2013 dost\u0119pny)<\/p>\n<\/li>\n<\/ul>\n<p data-start=\"1782\" data-end=\"1800\"><strong data-start=\"1782\" data-end=\"1800\">Bezpiecze\u0144stwo<\/strong><\/p>\n<ul data-start=\"1801\" data-end=\"2105\">\n<li data-start=\"1801\" data-end=\"1838\">\n<p data-start=\"1803\" data-end=\"1838\">ABS, kontrola ci\u015bnienia w oponach<\/p>\n<\/li>\n<li data-start=\"1839\" data-end=\"1862\">\n<p data-start=\"1841\" data-end=\"1862\">Asystent pasa ruchu<\/p>\n<\/li>\n<li data-start=\"1863\" data-end=\"1910\">\n<p data-start=\"1865\" data-end=\"1910\">Asystent hamowania awaryjnego (City Safety)<\/p>\n<\/li>\n<li data-start=\"1911\" data-end=\"1934\">\n<p data-start=\"1913\" data-end=\"1934\">Wykrywanie pieszych<\/p>\n<\/li>\n<li data-start=\"1935\" data-end=\"1969\">\n<p data-start=\"1937\" data-end=\"1969\">Rozpoznawanie znak\u00f3w drogowych<\/p>\n<\/li>\n<li data-start=\"1970\" data-end=\"1982\">\n<p data-start=\"1972\" data-end=\"1982\">Tempomat<\/p>\n<\/li>\n<li data-start=\"1983\" data-end=\"2013\">\n<p data-start=\"1985\" data-end=\"2013\">Asystent ruszania pod g\u00f3r\u0119<\/p>\n<\/li>\n<li data-start=\"2014\" data-end=\"2043\">\n<p data-start=\"2016\" data-end=\"2043\">Czujnik deszczu i \u015bwiat\u0142a<\/p>\n<\/li>\n<li data-start=\"2044\" data-end=\"2094\">\n<p data-start=\"2046\" data-end=\"2094\">Poduszki powietrzne: przednie, boczne, kurtyny<\/p>\n<\/li>\n<li data-start=\"2095\" data-end=\"2105\">\n<p data-start=\"2097\" data-end=\"2105\">Isofix<\/p>\n<\/li>\n<\/ul>\n<p data-start=\"2107\" data-end=\"2135\"><strong data-start=\"2107\" data-end=\"2135\">Parkowanie i o\u015bwietlenie<\/strong><\/p>\n<ul data-start=\"2136\" data-end=\"2274\">\n<li data-start=\"2136\" data-end=\"2154\">\n<p data-start=\"2138\" data-end=\"2154\">Kamera cofania<\/p>\n<\/li>\n<li data-start=\"2155\" data-end=\"2182\">\n<p data-start=\"2157\" data-end=\"2182\">Czujniki parkowania ty\u0142<\/p>\n<\/li>\n<li data-start=\"2183\" data-end=\"2216\">\n<p data-start=\"2185\" data-end=\"2216\">\u015awiat\u0142a do jazdy dziennej LED<\/p>\n<\/li>\n<li data-start=\"2217\" data-end=\"2247\">\n<p data-start=\"2219\" data-end=\"2247\">Asystent \u015bwiate\u0142 drogowych<\/p>\n<\/li>\n<li data-start=\"2248\" data-end=\"2274\">\n<p data-start=\"2250\" data-end=\"2274\">\u015awiat\u0142a przeciwmgielne<\/p>\n<\/li>\n<\/ul>\n<h3 data-start=\"2281\" data-end=\"2308\">\u00a0Informacje dodatkowe<\/h3>\n<ul data-start=\"2309\" data-end=\"2454\">\n<li data-start=\"2309\" data-end=\"2338\">\n<p data-start=\"2311\" data-end=\"2338\">3 poprzednich w\u0142a\u015bcicieli<\/p>\n<\/li>\n<li data-start=\"2339\" data-end=\"2381\">\n<p data-start=\"2341\" data-end=\"2381\">Paliwo: Super \/ Super Plus \/ Super E10<\/p>\n<\/li>\n<li data-start=\"2382\" data-end=\"2410\">\n<p data-start=\"2384\" data-end=\"2410\">Samoch\u00f3d gotowy do jazdy<\/p>\n<\/li>\n<li data-start=\"2411\" data-end=\"2454\">\n<p data-start=\"2413\" data-end=\"2454\">Idealny jako auto miejskie lub rodzinne<\/p>\n<\/li>\n<\/ul>\n<p><strong data-start=\"1285\" data-end=\"1304\">Zainteresowany \/ Zainteresowana ?<\/strong><br data-start=\"1304\" data-end=\"1307\" \/><strong data-start=\"1307\" data-end=\"1414\">Skontaktuj si\u0119 z nami \u2013 pomagamy w finansowaniu, rejestracji i pe\u0142nej obs\u0142udze zakupu auta w Niemczech.<\/strong>\u00a0<\/p>\n<p data-start=\"2145\" data-end=\"2368\"><span dir=\"auto\">Jestem do dyspozycji. \u00a0 \u00a0\u00a0<\/span><\/p>\n<ul>\n<li data-start=\"2145\" data-end=\"2368\"><span dir=\"auto\">Dawid Szczepa\u0144ski<\/span><\/li>\n<li data-start=\"2145\" data-end=\"2368\"><a href=\"https:\/\/pewneauto.de\/\">https:\/\/pewneauto.de\/<\/a><\/li>\n<li data-start=\"2145\" data-end=\"2368\">E-mail :<\/li>\n<li data-start=\"2145\" data-end=\"2368\"><a href=\"https:\/\/samochody.pewneauto.de\/pl\/vehicle\/hyundai-kona\/szczepanski@pewneauto.de\/\">szczepanski@pewneauto.de<\/a><\/li>\n<li data-start=\"2145\" data-end=\"2368\">Telefon: 17641674738<\/li>\n<li data-start=\"2145\" data-end=\"2368\">WhatsApp :<\/li>\n<li data-start=\"2145\" data-end=\"2368\"><a href=\"https:\/\/wa.me\/4917641674738\">https:\/\/wa.me\/4917641674738<\/a><\/li>\n<li data-start=\"2145\" data-end=\"2368\">Ponad 800 zadowolonych klient\u00f3w.<\/li>\n<li data-start=\"2145\" data-end=\"2368\"><a href=\"https:\/\/pewneauto.de\/nasi-klienci\/\">https:\/\/pewneauto.de\/nasi-klienci\/<\/a><\/li>\n<li data-start=\"2145\" data-end=\"2368\">Pomagamy ponad 13 lat w samochodzie na raty w Niemczech. Wspieramy Polak\u00f3w od wyboru auto po rejestracji.<\/li>\n<li data-start=\"2145\" data-end=\"2368\">Pakiet KOMPLET<\/li>\n<li data-start=\"2145\" data-end=\"2368\"><a href=\"https:\/\/pewneauto.de\/pakiet-komplet-auto-raty-ubezpieczenie-rejestracja\/\">https:\/\/pewneauto.de\/pakiet-komplet-auto-raty-ubezpieczenie-rejestracja\/<\/a><\/li>\n<\/ul>\n<p>Opis pojazdu zosta\u0142 przygotowany w du\u017cej cz\u0119\u015bci automatycznie, zgodnie z norma europejska. Sprzedaj\u0105cy nie ponosi odpowiedzialno\u015bci za ewentualne b\u0142\u0119dy, pomy\u0142ki ani nieaktualne informacje zawarte w opisie. Niniejsza oferta ma charakter informacyjny i nie stanowi oferty handlowej w rozumieniu obowi\u0105zuj\u0105cych przepis\u00f3w prawa. Szczeg\u00f3\u0142owe informacje prosimy potwierdzi\u0107 bezpo\u015brednio przed zakupem.<\/p>","protected":false},"featured_media":0,"template":"","meta":[],"vehizo_feature":[],"class_list":["post-7274","vehizo_vehicle","type-vehizo_vehicle","status-publish","hentry"],"_links":{"self":[{"href":"http:\/\/samochody.pewneauto.de\/pl\/wp-json\/wp\/v2\/vehizo_vehicle\/7274","targetHints":{"allow":["GET"]}}],"collection":[{"href":"http:\/\/samochody.pewneauto.de\/pl\/wp-json\/wp\/v2\/vehizo_vehicle"}],"about":[{"href":"http:\/\/samochody.pewneauto.de\/pl\/wp-json\/wp\/v2\/types\/vehizo_vehicle"}],"wp:attachment":[{"href":"http:\/\/samochody.pewneauto.de\/pl\/wp-json\/wp\/v2\/media?parent=7274"}],"wp:term":[{"taxonomy":"vehizo_feature","embeddable":true,"href":"http:\/\/samochody.pewneauto.de\/pl\/wp-json\/wp\/v2\/vehizo_feature?post=7274"}],"curies":[{"name":"wp","href":"https:\/\/api.w.org\/{rel}","templated":true}]}}