{"id":7349,"date":"2025-12-20T20:42:24","date_gmt":"2025-12-20T19:42:24","guid":{"rendered":"https:\/\/samochody.pewneauto.de\/?post_type=vehizo_vehicle&#038;p=7349"},"modified":"2025-12-20T21:14:46","modified_gmt":"2025-12-20T20:14:46","slug":"vw-polo-1-0-tsi-rata-od-217-euro-highline-lm15pdcklimatyzacjashz","status":"publish","type":"vehizo_vehicle","link":"http:\/\/samochody.pewneauto.de\/pl\/vehicle\/vw-polo-1-0-tsi-rata-od-217-euro-highline-lm15pdcklimatyzacjashz\/","title":{"rendered":"VW Polo 1.0 TSI od 217 euro Highline LM15*PDC+*Klimatyzacja*SHZ"},"content":{"rendered":"<h3><strong>VW Polo 1.0 TSI od 217 euro Highline LM15*PDC+*Klimatyzacja*SHZ<\/strong><\/h3>\n<p><img fetchpriority=\"high\" decoding=\"async\" class=\"alignnone size-medium wp-image-7359\" src=\"http:\/\/samochody.pewneauto.de\/wp-content\/uploads\/2025\/12\/WhatsApp-Image-2025-12-20-at-20.38.50-300x225.jpeg\" alt=\"\" width=\"300\" height=\"225\" srcset=\"http:\/\/samochody.pewneauto.de\/wp-content\/uploads\/2025\/12\/WhatsApp-Image-2025-12-20-at-20.38.50-300x225.jpeg 300w, http:\/\/samochody.pewneauto.de\/wp-content\/uploads\/2025\/12\/WhatsApp-Image-2025-12-20-at-20.38.50-1024x768.jpeg 1024w, http:\/\/samochody.pewneauto.de\/wp-content\/uploads\/2025\/12\/WhatsApp-Image-2025-12-20-at-20.38.50-768x576.jpeg 768w, http:\/\/samochody.pewneauto.de\/wp-content\/uploads\/2025\/12\/WhatsApp-Image-2025-12-20-at-20.38.50-1536x1152.jpeg 1536w, http:\/\/samochody.pewneauto.de\/wp-content\/uploads\/2025\/12\/WhatsApp-Image-2025-12-20-at-20.38.50-16x12.jpeg 16w, http:\/\/samochody.pewneauto.de\/wp-content\/uploads\/2025\/12\/WhatsApp-Image-2025-12-20-at-20.38.50.jpeg 1600w\" sizes=\"(max-width: 300px) 100vw, 300px\" \/><\/p>\n<h1><strong>Gwarancja, pomoc w ubezpieczeniu i rejestracji.<\/strong><\/h1>\n<p>\u2014\u2014\u2014\u2014\u2014\u2014\u2014\u2014\u2014\u2014\u2014\u2014\u2014\u2014\u2014<\/p>\n<h2><strong>Wymagania zakupu na raty:\u00a0<\/strong><\/h2>\n<ul>\n<li>meldunek<\/li>\n<li>konto niemieckie<\/li>\n<li>ostatni lohn od pracodawcy<\/li>\n<\/ul>\n<h2><span dir=\"auto\">Pomoc w ubezpieczeniu i rejestracji.<\/span><\/h2>\n<p><span dir=\"auto\">Zapytaj o auto:<\/span><\/p>\n<p><a href=\"https:\/\/wa.me\/4917641674738\">https:\/\/wa.me\/4917641674738<\/a><\/p>\n<p>Kalkulator Rat :<\/p>\n<p><a href=\"https:\/\/pewneauto.de\/kalkulator-kredytu-samochodowego\/\">https:\/\/pewneauto.de\/kalkulator-kredytu-samochodowego\/<\/a><\/p>\n<p><img decoding=\"async\" class=\"alignnone size-medium wp-image-7357\" src=\"http:\/\/samochody.pewneauto.de\/wp-content\/uploads\/2025\/12\/WhatsApp-Image-2025-12-20-at-20.37.49-300x225.jpeg\" alt=\"\" width=\"300\" height=\"225\" srcset=\"http:\/\/samochody.pewneauto.de\/wp-content\/uploads\/2025\/12\/WhatsApp-Image-2025-12-20-at-20.37.49-300x225.jpeg 300w, http:\/\/samochody.pewneauto.de\/wp-content\/uploads\/2025\/12\/WhatsApp-Image-2025-12-20-at-20.37.49-1024x768.jpeg 1024w, http:\/\/samochody.pewneauto.de\/wp-content\/uploads\/2025\/12\/WhatsApp-Image-2025-12-20-at-20.37.49-768x576.jpeg 768w, http:\/\/samochody.pewneauto.de\/wp-content\/uploads\/2025\/12\/WhatsApp-Image-2025-12-20-at-20.37.49-1536x1152.jpeg 1536w, http:\/\/samochody.pewneauto.de\/wp-content\/uploads\/2025\/12\/WhatsApp-Image-2025-12-20-at-20.37.49-16x12.jpeg 16w, http:\/\/samochody.pewneauto.de\/wp-content\/uploads\/2025\/12\/WhatsApp-Image-2025-12-20-at-20.37.49.jpeg 1600w\" sizes=\"(max-width: 300px) 100vw, 300px\" \/><\/p>\n<h3 data-start=\"153\" data-end=\"223\">Volkswagen Polo 1.0 TSI Highline \u2013 95 KM | 2020 | Benzyna | Manual<\/h3>\n<p data-start=\"225\" data-end=\"480\"><strong data-start=\"237\" data-end=\"274\">Volkswagen Polo w wersji Highline<\/strong>, wyposa\u017cony w dynamiczny i oszcz\u0119dny silnik <strong data-start=\"319\" data-end=\"343\">1.0 TSI o mocy 95 KM<\/strong>. Samoch\u00f3d z <strong data-start=\"356\" data-end=\"389\">pierwszej rejestracji 08\/2020<\/strong>, z przebiegiem <strong data-start=\"405\" data-end=\"418\">64 278 km<\/strong>, idealny do codziennej jazdy miejskiej oraz na d\u0142u\u017csze trasy.<\/p>\n<h4 data-start=\"482\" data-end=\"506\">\u00a0Dane techniczne:<\/h4>\n<ul data-start=\"507\" data-end=\"740\">\n<li data-start=\"507\" data-end=\"549\">\n<p data-start=\"509\" data-end=\"549\">Silnik: 1.0 TSI, benzyna, 3-cylindrowy<\/p>\n<\/li>\n<li data-start=\"550\" data-end=\"572\">\n<p data-start=\"552\" data-end=\"572\">Moc: 70 kW \/ 95 KM<\/p>\n<\/li>\n<li data-start=\"573\" data-end=\"613\">\n<p data-start=\"575\" data-end=\"613\">Skrzynia bieg\u00f3w: manualna, 5-biegowa<\/p>\n<\/li>\n<li data-start=\"614\" data-end=\"632\">\n<p data-start=\"616\" data-end=\"632\">Nap\u0119d: przedni<\/p>\n<\/li>\n<li data-start=\"633\" data-end=\"657\">\n<p data-start=\"635\" data-end=\"657\">Norma emisji: Euro 6<\/p>\n<\/li>\n<li data-start=\"658\" data-end=\"674\">\n<p data-start=\"660\" data-end=\"674\">Kolor: szary<\/p>\n<\/li>\n<li data-start=\"675\" data-end=\"696\">\n<p data-start=\"677\" data-end=\"696\">Liczba drzwi: 4\/5<\/p>\n<\/li>\n<li data-start=\"697\" data-end=\"717\">\n<p data-start=\"699\" data-end=\"717\">Liczba miejsc: 5<\/p>\n<\/li>\n<li data-start=\"718\" data-end=\"740\">\n<p data-start=\"720\" data-end=\"740\">Nadwozie: limuzyna<\/p>\n<\/li>\n<\/ul>\n<h4 data-start=\"742\" data-end=\"788\">Systemy bezpiecze\u0144stwa i wspomagania:<\/h4>\n<ul data-start=\"789\" data-end=\"1157\">\n<li data-start=\"789\" data-end=\"840\">\n<p data-start=\"791\" data-end=\"840\">Front Assist \u2013 wspomaganie awaryjnego hamowania<\/p>\n<\/li>\n<li data-start=\"841\" data-end=\"893\">\n<p data-start=\"843\" data-end=\"893\">Asystent parkowania (czujniki prz\u00f3d i ty\u0142 \u2013 PDC)<\/p>\n<\/li>\n<li data-start=\"894\" data-end=\"924\">\n<p data-start=\"896\" data-end=\"924\">Asystent ruszania pod g\u00f3r\u0119<\/p>\n<\/li>\n<li data-start=\"925\" data-end=\"965\">\n<p data-start=\"927\" data-end=\"965\">System wykrywania zm\u0119czenia kierowcy<\/p>\n<\/li>\n<li data-start=\"966\" data-end=\"993\">\n<p data-start=\"968\" data-end=\"993\">ABS, ESP, ASR, EDS, MSR<\/p>\n<\/li>\n<li data-start=\"994\" data-end=\"1019\">\n<p data-start=\"996\" data-end=\"1019\">Ogranicznik pr\u0119dko\u015bci<\/p>\n<\/li>\n<li data-start=\"1020\" data-end=\"1064\">\n<p data-start=\"1022\" data-end=\"1064\">System monitorowania ci\u015bnienia w oponach<\/p>\n<\/li>\n<li data-start=\"1065\" data-end=\"1092\">\n<p data-start=\"1067\" data-end=\"1092\">ISOFIX (r\u00f3wnie\u017c i-Size)<\/p>\n<\/li>\n<li data-start=\"1093\" data-end=\"1157\">\n<p data-start=\"1095\" data-end=\"1157\">Kompletny system poduszek powietrznych (prz\u00f3d, bok, kurtyny)<\/p>\n<\/li>\n<\/ul>\n<h4 data-start=\"1159\" data-end=\"1189\">\u00a0Multimedia i \u0142\u0105czno\u015b\u0107:<\/h4>\n<ul data-start=\"1190\" data-end=\"1367\">\n<li data-start=\"1190\" data-end=\"1221\">\n<p data-start=\"1192\" data-end=\"1221\">Radio <strong data-start=\"1198\" data-end=\"1219\">Composition Media<\/strong><\/p>\n<\/li>\n<li data-start=\"1222\" data-end=\"1258\">\n<p data-start=\"1224\" data-end=\"1258\">Bluetooth \u2013 zestaw g\u0142o\u015bnom\u00f3wi\u0105cy<\/p>\n<\/li>\n<li data-start=\"1259\" data-end=\"1274\">\n<p data-start=\"1261\" data-end=\"1274\">6 g\u0142o\u015bnik\u00f3w<\/p>\n<\/li>\n<li data-start=\"1275\" data-end=\"1289\">\n<p data-start=\"1277\" data-end=\"1289\">VW Connect<\/p>\n<\/li>\n<li data-start=\"1290\" data-end=\"1331\">\n<p data-start=\"1292\" data-end=\"1331\">Interfejs USB (r\u00f3wnie\u017c iPhone \/ iPod)<\/p>\n<\/li>\n<li data-start=\"1332\" data-end=\"1367\">\n<p data-start=\"1334\" data-end=\"1367\">Wy\u015bwietlacz wielofunkcyjny Plus<\/p>\n<\/li>\n<\/ul>\n<h4 data-start=\"1369\" data-end=\"1395\">\u00a0Komfort i wn\u0119trze:<\/h4>\n<ul data-start=\"1396\" data-end=\"1686\">\n<li data-start=\"1396\" data-end=\"1412\">\n<p data-start=\"1398\" data-end=\"1412\">Klimatyzacja<\/p>\n<\/li>\n<li data-start=\"1413\" data-end=\"1444\">\n<p data-start=\"1415\" data-end=\"1444\">Podgrzewane przednie fotele<\/p>\n<\/li>\n<li data-start=\"1445\" data-end=\"1472\">\n<p data-start=\"1447\" data-end=\"1472\">Sportowe fotele Comfort<\/p>\n<\/li>\n<li data-start=\"1473\" data-end=\"1512\">\n<p data-start=\"1475\" data-end=\"1512\">Sk\u00f3rzana, wielofunkcyjna kierownica<\/p>\n<\/li>\n<li data-start=\"1513\" data-end=\"1546\">\n<p data-start=\"1515\" data-end=\"1546\">Elektryczne szyby prz\u00f3d i ty\u0142<\/p>\n<\/li>\n<li data-start=\"1547\" data-end=\"1584\">\n<p data-start=\"1549\" data-end=\"1584\">Przedni pod\u0142okietnik ze schowkiem<\/p>\n<\/li>\n<li data-start=\"1585\" data-end=\"1619\">\n<p data-start=\"1587\" data-end=\"1619\">O\u015bwietlenie ambientowe wn\u0119trza<\/p>\n<\/li>\n<li data-start=\"1620\" data-end=\"1656\">\n<p data-start=\"1622\" data-end=\"1656\">Tylna kanapa dzielona i sk\u0142adana<\/p>\n<\/li>\n<li data-start=\"1657\" data-end=\"1686\">\n<p data-start=\"1659\" data-end=\"1686\">Przyciemniane tylne szyby<\/p>\n<\/li>\n<\/ul>\n<h4 data-start=\"1688\" data-end=\"1721\">\u00a0O\u015bwietlenie i widoczno\u015b\u0107:<\/h4>\n<ul data-start=\"1722\" data-end=\"1889\">\n<li data-start=\"1722\" data-end=\"1764\">\n<p data-start=\"1724\" data-end=\"1764\">Reflektory z automatycznym sterowaniem<\/p>\n<\/li>\n<li data-start=\"1765\" data-end=\"1798\">\n<p data-start=\"1767\" data-end=\"1798\">\u015awiat\u0142a do jazdy dziennej LED<\/p>\n<\/li>\n<li data-start=\"1799\" data-end=\"1837\">\n<p data-start=\"1801\" data-end=\"1837\">Funkcja Coming Home \/ Leaving Home<\/p>\n<\/li>\n<li data-start=\"1838\" data-end=\"1889\">\n<p data-start=\"1840\" data-end=\"1889\">\u015awiat\u0142a przeciwmgielne z do\u015bwietlaniem zakr\u0119t\u00f3w<\/p>\n<\/li>\n<\/ul>\n<h4 data-start=\"1891\" data-end=\"1913\">\u00a0Ko\u0142a i wygl\u0105d:<\/h4>\n<ul data-start=\"1914\" data-end=\"2023\">\n<li data-start=\"1914\" data-end=\"1938\">\n<p data-start=\"1916\" data-end=\"1938\">Aluminiowe felgi 15&#8243;<\/p>\n<\/li>\n<li data-start=\"1939\" data-end=\"1972\">\n<p data-start=\"1941\" data-end=\"1972\">Opony niskooporowe 185\/65 R15<\/p>\n<\/li>\n<li data-start=\"1973\" data-end=\"2023\">\n<p data-start=\"1975\" data-end=\"2023\">Elektrycznie regulowane i podgrzewane lusterka<\/p>\n<\/li>\n<\/ul>\n<h4 data-start=\"2025\" data-end=\"2045\">\u00a0Podsumowanie:<\/h4>\n<p data-start=\"2046\" data-end=\"2291\">VW Polo Highline to <strong data-start=\"2066\" data-end=\"2136\">nowoczesny, bezpieczny i bardzo dobrze wyposa\u017cony samoch\u00f3d miejski<\/strong>, kt\u00f3ry \u0142\u0105czy <strong data-start=\"2150\" data-end=\"2175\">niskie zu\u017cycie paliwa<\/strong>, <strong data-start=\"2177\" data-end=\"2188\">komfort<\/strong> i <strong data-start=\"2191\" data-end=\"2218\">renom\u0119 marki Volkswagen<\/strong>. Idealny wyb\u00f3r dla os\u00f3b szukaj\u0105cych pewnego auta z bogatym wyposa\u017ceniem.<\/p>\n<p><strong data-start=\"1285\" data-end=\"1304\">Zainteresowany \/ Zainteresowana ?<\/strong><br data-start=\"1304\" data-end=\"1307\" \/><strong data-start=\"1307\" data-end=\"1414\">Skontaktuj si\u0119 z nami \u2013 pomagamy w finansowaniu, rejestracji i pe\u0142nej obs\u0142udze zakupu auta w Niemczech.<\/strong>\u00a0<\/p>\n<p data-start=\"2145\" data-end=\"2368\"><span dir=\"auto\">Jestem do dyspozycji. \u00a0 \u00a0\u00a0<\/span><\/p>\n<ul>\n<li data-start=\"2145\" data-end=\"2368\"><span dir=\"auto\">Dawid Szczepa\u0144ski<\/span><\/li>\n<li data-start=\"2145\" data-end=\"2368\"><a href=\"https:\/\/pewneauto.de\/\">https:\/\/pewneauto.de\/<\/a><\/li>\n<li data-start=\"2145\" data-end=\"2368\">E-mail :<\/li>\n<li data-start=\"2145\" data-end=\"2368\"><a href=\"https:\/\/samochody.pewneauto.de\/pl\/vehicle\/hyundai-kona\/szczepanski@pewneauto.de\/\">szczepanski@pewneauto.de<\/a><\/li>\n<li data-start=\"2145\" data-end=\"2368\">Telefon: 17641674738<\/li>\n<li data-start=\"2145\" data-end=\"2368\">WhatsApp :<\/li>\n<li data-start=\"2145\" data-end=\"2368\"><a href=\"https:\/\/wa.me\/4917641674738\">https:\/\/wa.me\/4917641674738<\/a><\/li>\n<li data-start=\"2145\" data-end=\"2368\">Ponad 800 zadowolonych klient\u00f3w.<\/li>\n<li data-start=\"2145\" data-end=\"2368\"><a href=\"https:\/\/pewneauto.de\/nasi-klienci\/\">https:\/\/pewneauto.de\/nasi-klienci\/<\/a><\/li>\n<li data-start=\"2145\" data-end=\"2368\">Pomagamy ponad 13 lat w samochodzie na raty w Niemczech. Wspieramy Polak\u00f3w od wyboru auto po rejestracji.<\/li>\n<li data-start=\"2145\" data-end=\"2368\">Pakiet KOMPLET<\/li>\n<li data-start=\"2145\" data-end=\"2368\"><a href=\"https:\/\/pewneauto.de\/pakiet-komplet-auto-raty-ubezpieczenie-rejestracja\/\">https:\/\/pewneauto.de\/pakiet-komplet-auto-raty-ubezpieczenie-rejestracja\/<\/a><\/li>\n<\/ul>\n<p>Opis pojazdu zosta\u0142 przygotowany w du\u017cej cz\u0119\u015bci automatycznie, zgodnie z norma europejska. Sprzedaj\u0105cy nie ponosi odpowiedzialno\u015bci za ewentualne b\u0142\u0119dy, pomy\u0142ki ani nieaktualne informacje zawarte w opisie. Niniejsza oferta ma charakter informacyjny i nie stanowi oferty handlowej w rozumieniu obowi\u0105zuj\u0105cych przepis\u00f3w prawa. Szczeg\u00f3\u0142owe informacje prosimy potwierdzi\u0107 bezpo\u015brednio przed zakupem.<\/p>","protected":false},"featured_media":0,"template":"","meta":[],"vehizo_feature":[],"class_list":["post-7349","vehizo_vehicle","type-vehizo_vehicle","status-publish","hentry"],"_links":{"self":[{"href":"http:\/\/samochody.pewneauto.de\/pl\/wp-json\/wp\/v2\/vehizo_vehicle\/7349","targetHints":{"allow":["GET"]}}],"collection":[{"href":"http:\/\/samochody.pewneauto.de\/pl\/wp-json\/wp\/v2\/vehizo_vehicle"}],"about":[{"href":"http:\/\/samochody.pewneauto.de\/pl\/wp-json\/wp\/v2\/types\/vehizo_vehicle"}],"wp:attachment":[{"href":"http:\/\/samochody.pewneauto.de\/pl\/wp-json\/wp\/v2\/media?parent=7349"}],"wp:term":[{"taxonomy":"vehizo_feature","embeddable":true,"href":"http:\/\/samochody.pewneauto.de\/pl\/wp-json\/wp\/v2\/vehizo_feature?post=7349"}],"curies":[{"name":"wp","href":"https:\/\/api.w.org\/{rel}","templated":true}]}}