{"id":7394,"date":"2026-01-12T15:18:17","date_gmt":"2026-01-12T14:18:17","guid":{"rendered":"https:\/\/samochody.pewneauto.de\/?post_type=vehizo_vehicle&#038;p=7394"},"modified":"2026-01-12T15:23:47","modified_gmt":"2026-01-12T14:23:47","slug":"renault-talisman-grandtour-rata-od-231-euro-intens-4control-haedup-display","status":"publish","type":"vehizo_vehicle","link":"http:\/\/samochody.pewneauto.de\/pl\/vehicle\/renault-talisman-grandtour-rata-od-231-euro-intens-4control-haedup-display\/","title":{"rendered":"Renault Talisman Grandtour rata od 231 euro Intens 4Control HaedUp Display"},"content":{"rendered":"<h4><strong>Renault Talisman Grandtour rata od 231 euro Intens 4Control HaedUp Display<\/strong><\/h4>\n<p><img fetchpriority=\"high\" decoding=\"async\" class=\"alignnone size-medium wp-image-7395\" src=\"http:\/\/samochody.pewneauto.de\/wp-content\/uploads\/2026\/01\/WhatsApp-Image-2026-01-12-at-15.13.40-300x225.jpeg\" alt=\"\" width=\"300\" height=\"225\" srcset=\"http:\/\/samochody.pewneauto.de\/wp-content\/uploads\/2026\/01\/WhatsApp-Image-2026-01-12-at-15.13.40-300x225.jpeg 300w, http:\/\/samochody.pewneauto.de\/wp-content\/uploads\/2026\/01\/WhatsApp-Image-2026-01-12-at-15.13.40-1024x768.jpeg 1024w, http:\/\/samochody.pewneauto.de\/wp-content\/uploads\/2026\/01\/WhatsApp-Image-2026-01-12-at-15.13.40-768x576.jpeg 768w, http:\/\/samochody.pewneauto.de\/wp-content\/uploads\/2026\/01\/WhatsApp-Image-2026-01-12-at-15.13.40-1536x1152.jpeg 1536w, http:\/\/samochody.pewneauto.de\/wp-content\/uploads\/2026\/01\/WhatsApp-Image-2026-01-12-at-15.13.40-16x12.jpeg 16w, http:\/\/samochody.pewneauto.de\/wp-content\/uploads\/2026\/01\/WhatsApp-Image-2026-01-12-at-15.13.40.jpeg 2048w\" sizes=\"(max-width: 300px) 100vw, 300px\" \/><\/p>\n<h1><strong>Gwarancja, pomoc w ubezpieczeniu i rejestracji.<\/strong><\/h1>\n<p>\u00a0<\/p>\n<h2><strong>Wymagania zakupu na raty:\u00a0<\/strong><\/h2>\n<ul>\n<li>meldunek<\/li>\n<li>konto niemieckie<\/li>\n<li>ostatni lohn od pracodawcy<\/li>\n<\/ul>\n<h2><span dir=\"auto\">Pomoc w ubezpieczeniu i rejestracji.<\/span><\/h2>\n<p><span dir=\"auto\">Zapytaj o auto:<\/span><\/p>\n<p><a href=\"https:\/\/wa.me\/4917641674738\">https:\/\/wa.me\/4917641674738<\/a><\/p>\n<p>Kalkulator Rat :<\/p>\n<p><a href=\"https:\/\/pewneauto.de\/kalkulator-kredytu-samochodowego\/\">https:\/\/pewneauto.de\/kalkulator-kredytu-samochodowego\/<\/a><\/p>\n<p><img decoding=\"async\" class=\"alignnone size-medium wp-image-7405\" src=\"http:\/\/samochody.pewneauto.de\/wp-content\/uploads\/2026\/01\/WhatsApp-Image-2026-01-12-at-15.10.21-1-300x225.jpeg\" alt=\"\" width=\"300\" height=\"225\" srcset=\"http:\/\/samochody.pewneauto.de\/wp-content\/uploads\/2026\/01\/WhatsApp-Image-2026-01-12-at-15.10.21-1-300x225.jpeg 300w, http:\/\/samochody.pewneauto.de\/wp-content\/uploads\/2026\/01\/WhatsApp-Image-2026-01-12-at-15.10.21-1-1024x768.jpeg 1024w, http:\/\/samochody.pewneauto.de\/wp-content\/uploads\/2026\/01\/WhatsApp-Image-2026-01-12-at-15.10.21-1-768x576.jpeg 768w, http:\/\/samochody.pewneauto.de\/wp-content\/uploads\/2026\/01\/WhatsApp-Image-2026-01-12-at-15.10.21-1-1536x1152.jpeg 1536w, http:\/\/samochody.pewneauto.de\/wp-content\/uploads\/2026\/01\/WhatsApp-Image-2026-01-12-at-15.10.21-1-16x12.jpeg 16w, http:\/\/samochody.pewneauto.de\/wp-content\/uploads\/2026\/01\/WhatsApp-Image-2026-01-12-at-15.10.21-1.jpeg 2048w\" sizes=\"(max-width: 300px) 100vw, 300px\" \/><\/p>\n<p>\u00a0<\/p>\n<p data-start=\"101\" data-end=\"528\"><strong data-start=\"101\" data-end=\"175\">Elegancja, technologia i wyj\u0105tkowy komfort \u2013 Renault w wersji premium.<\/strong><br data-start=\"175\" data-end=\"178\" \/>Prezentowany model z kwietnia 2017 roku to po\u0142\u0105czenie mocnego silnika 1.6 dCi 160 KM, zaawansowanych system\u00f3w wspomagania oraz luksusowego wyposa\u017cenia, kt\u00f3re czyni ka\u017cd\u0105 podr\u00f3\u017c wyj\u0105tkow\u0105. Wyj\u0105tkowy kolor <strong data-start=\"382\" data-end=\"396\">Star Black<\/strong> podkre\u015bla charakter auta, a bogata lista dodatk\u00f3w sprawia, \u017ce to propozycja dla os\u00f3b oczekuj\u0105cych maksimum wygody i bezpiecze\u0144stwa.<\/p>\n<h3 data-start=\"535\" data-end=\"564\"><strong data-start=\"539\" data-end=\"564\">Komfort klasy premium<\/strong><\/h3>\n<p data-start=\"565\" data-end=\"662\">Wn\u0119trze zaprojektowano tak, by zapewni\u0107 najwy\u017csz\u0105 jako\u015b\u0107 podr\u00f3\u017cowania. Auto wyposa\u017cono m.in. w:<\/p>\n<ul data-start=\"663\" data-end=\"1076\">\n<li data-start=\"663\" data-end=\"746\">\n<p data-start=\"665\" data-end=\"746\"><strong data-start=\"665\" data-end=\"692\">fotele z funkcj\u0105 masa\u017cu<\/strong>, podgrzewane i regulowane, z podparciem l\u0119d\u017awiowym,<\/p>\n<\/li>\n<li data-start=\"747\" data-end=\"819\">\n<p data-start=\"749\" data-end=\"819\"><strong data-start=\"749\" data-end=\"790\">dwustrefow\u0105 klimatyzacj\u0119 automatyczn\u0105<\/strong> z filtrem antyalergicznym,<\/p>\n<\/li>\n<li data-start=\"820\" data-end=\"877\">\n<p data-start=\"822\" data-end=\"877\">sk\u00f3rzan\u0105 kierownic\u0119, sk\u00f3rzan\u0105 d\u017awigni\u0119 zmiany bieg\u00f3w,<\/p>\n<\/li>\n<li data-start=\"878\" data-end=\"937\">\n<p data-start=\"880\" data-end=\"937\">komfortowy pod\u0142okietnik, regulowan\u0105 kolumn\u0119 kierownicy,<\/p>\n<\/li>\n<li data-start=\"938\" data-end=\"988\">\n<p data-start=\"940\" data-end=\"988\"><strong data-start=\"940\" data-end=\"956\">ambiente LED<\/strong>, welurowo-sk\u00f3rzan\u0105 tapicerk\u0119,<\/p>\n<\/li>\n<li data-start=\"989\" data-end=\"1076\">\n<p data-start=\"991\" data-end=\"1076\">tylne nawiewy, dzielon\u0105 i sk\u0142adan\u0105 tyln\u0105 kanap\u0119, rolet\u0119 boczn\u0105 i przyciemniane szyby.<\/p>\n<\/li>\n<\/ul>\n<p data-start=\"1078\" data-end=\"1229\">Dzi\u0119ki systemowi <strong data-start=\"1095\" data-end=\"1110\">Multi-Sense<\/strong> oraz pakietowi <strong data-start=\"1126\" data-end=\"1138\">4Control<\/strong> (uk\u0142ad czterech k\u00f3\u0142 skr\u0119tnych) jazda staje si\u0119 bardziej dynamiczna, stabilna i precyzyjna.<\/p>\n<h3 data-start=\"1236\" data-end=\"1291\"><strong data-start=\"1240\" data-end=\"1291\">Technologia i multimedia na najwy\u017cszym poziomie<\/strong><\/h3>\n<p data-start=\"1292\" data-end=\"1351\">Samoch\u00f3d oferuje pe\u0142en zestaw multimedialnych udogodnie\u0144:<\/p>\n<ul data-start=\"1352\" data-end=\"1598\">\n<li data-start=\"1352\" data-end=\"1406\">\n<p data-start=\"1354\" data-end=\"1406\">system <strong data-start=\"1361\" data-end=\"1373\">R-Link 2<\/strong> z kolorowym ekranem dotykowym,<\/p>\n<\/li>\n<li data-start=\"1407\" data-end=\"1460\">\n<p data-start=\"1409\" data-end=\"1460\">nawigacj\u0119, streaming muzyki, odtwarzacz MP3 i CD,<\/p>\n<\/li>\n<li data-start=\"1461\" data-end=\"1499\">\n<p data-start=\"1463\" data-end=\"1499\">system audio <strong data-start=\"1476\" data-end=\"1496\">Arkamys 3D Sound<\/strong>,<\/p>\n<\/li>\n<li data-start=\"1500\" data-end=\"1543\">\n<p data-start=\"1502\" data-end=\"1543\">Bluetooth, Apple CarPlay, Android Auto,<\/p>\n<\/li>\n<li data-start=\"1544\" data-end=\"1598\">\n<p data-start=\"1546\" data-end=\"1598\">sterowanie g\u0142osowe oraz cyfrowy zestaw wska\u017anik\u00f3w.<\/p>\n<\/li>\n<\/ul>\n<p data-start=\"1600\" data-end=\"1680\">Ka\u017cda podr\u00f3\u017c staje si\u0119 dzi\u0119ki temu przyjemna, intuicyjna i \u015bwietnie nag\u0142o\u015bniona.<\/p>\n<h3 data-start=\"1687\" data-end=\"1718\"><strong data-start=\"1691\" data-end=\"1718\">Maksimum bezpiecze\u0144stwa<\/strong><\/h3>\n<p data-start=\"1719\" data-end=\"1790\">Prezentowany egzemplarz posiada pe\u0142ny pakiet system\u00f3w bezpiecze\u0144stwa:<\/p>\n<ul data-start=\"1791\" data-end=\"2198\">\n<li data-start=\"1791\" data-end=\"1864\">\n<p data-start=\"1793\" data-end=\"1864\">komplet poduszek (przednie, boczne, kurtyny, poduszki podtrzymuj\u0105ce),<\/p>\n<\/li>\n<li data-start=\"1865\" data-end=\"1900\">\n<p data-start=\"1867\" data-end=\"1900\">systemy <strong data-start=\"1875\" data-end=\"1897\">ABS, ESP, ASR, ESC<\/strong>,<\/p>\n<\/li>\n<li data-start=\"1901\" data-end=\"1946\">\n<p data-start=\"1903\" data-end=\"1946\">system monitorowania ci\u015bnienia w oponach,<\/p>\n<\/li>\n<li data-start=\"1947\" data-end=\"2053\">\n<p data-start=\"1949\" data-end=\"2053\"><strong data-start=\"1949\" data-end=\"1973\">adaptacyjny tempomat<\/strong>, rozpoznawanie znak\u00f3w drogowych, ostrzeganie o kolizji, asystenta pasa ruchu,<\/p>\n<\/li>\n<li data-start=\"2054\" data-end=\"2125\">\n<p data-start=\"2056\" data-end=\"2125\">czujniki parkowania prz\u00f3d\/ty\u0142, kamer\u0119 i asystent \u015bwiate\u0142 drogowych,<\/p>\n<\/li>\n<li data-start=\"2126\" data-end=\"2198\">\n<p data-start=\"2128\" data-end=\"2198\">automatycznie \u015bciemniaj\u0105ce si\u0119 lusterko, czujniki \u015bwiat\u0142a i deszczu.<\/p>\n<\/li>\n<\/ul>\n<p data-start=\"2200\" data-end=\"2350\">Dodatkowo auto wyposa\u017cono w <strong data-start=\"2228\" data-end=\"2258\">reflektory LED Pure Vision<\/strong>, \u015bwiat\u0142a do\u015bwietlaj\u0105ce zakr\u0119ty oraz akustyczn\u0105 przedni\u0105 szyb\u0119 zapewniaj\u0105c\u0105 lepsz\u0105 izolacj\u0119.<\/p>\n<h3 data-start=\"2357\" data-end=\"2396\"><strong data-start=\"2361\" data-end=\"2396\">Wygl\u0105d i praktyczne wyposa\u017cenie<\/strong><\/h3>\n<p data-start=\"2397\" data-end=\"2436\">Renault robi \u015bwietne wra\u017cenie dzi\u0119ki:<\/p>\n<ul data-start=\"2437\" data-end=\"2607\">\n<li data-start=\"2437\" data-end=\"2481\">\n<p data-start=\"2439\" data-end=\"2481\">lakierowi metalizowanemu <strong data-start=\"2464\" data-end=\"2478\">Star Black<\/strong>,<\/p>\n<\/li>\n<li data-start=\"2482\" data-end=\"2505\">\n<p data-start=\"2484\" data-end=\"2505\">aluminiowym felgom,<\/p>\n<\/li>\n<li data-start=\"2506\" data-end=\"2535\">\n<p data-start=\"2508\" data-end=\"2535\">chromowanym wyko\u0144czeniom,<\/p>\n<\/li>\n<li data-start=\"2536\" data-end=\"2558\">\n<p data-start=\"2538\" data-end=\"2558\">relingom dachowym,<\/p>\n<\/li>\n<li data-start=\"2559\" data-end=\"2607\">\n<p data-start=\"2561\" data-end=\"2607\">szk\u0142u prywatnemu oraz przyciemnianym szybom.<\/p>\n<\/li>\n<\/ul>\n<p data-start=\"2609\" data-end=\"2739\">W codziennym u\u017cytkowaniu sprawdzi si\u0119 elektryczny hamulec postojowy, ko\u0142o zapasowe, dodatkowe gniazda 12V oraz praktyczne schowki.<\/p>\n<h3 data-start=\"2746\" data-end=\"2784\"><strong data-start=\"2750\" data-end=\"2784\">Dane techniczne i stan pojazdu<\/strong><\/h3>\n<ul data-start=\"2785\" data-end=\"3057\">\n<li data-start=\"2785\" data-end=\"2802\">\n<p data-start=\"2787\" data-end=\"2802\"><strong data-start=\"2787\" data-end=\"2795\">Rok:<\/strong> 2017<\/p>\n<\/li>\n<li data-start=\"2803\" data-end=\"2831\">\n<p data-start=\"2805\" data-end=\"2831\"><strong data-start=\"2805\" data-end=\"2818\">Przebieg:<\/strong> 100 600 km<\/p>\n<\/li>\n<li data-start=\"2832\" data-end=\"2872\">\n<p data-start=\"2834\" data-end=\"2872\"><strong data-start=\"2834\" data-end=\"2845\">Silnik:<\/strong> 1.6 dCi, 118 kW \/ 160 KM<\/p>\n<\/li>\n<li data-start=\"2873\" data-end=\"2913\">\n<p data-start=\"2875\" data-end=\"2913\"><strong data-start=\"2875\" data-end=\"2888\">Skrzynia:<\/strong> 6-biegowa automatyczna<\/p>\n<\/li>\n<li data-start=\"2914\" data-end=\"2941\">\n<p data-start=\"2916\" data-end=\"2941\"><strong data-start=\"2916\" data-end=\"2930\">Pojemno\u015b\u0107:<\/strong> 1598 cm\u00b3<\/p>\n<\/li>\n<li data-start=\"2942\" data-end=\"2964\">\n<p data-start=\"2944\" data-end=\"2964\"><strong data-start=\"2944\" data-end=\"2960\">W\u0142a\u015bciciele:<\/strong> 3<\/p>\n<\/li>\n<li data-start=\"2965\" data-end=\"2998\">\n<p data-start=\"2967\" data-end=\"2998\"><strong data-start=\"2967\" data-end=\"2981\">Tapicerka:<\/strong> sztuczna sk\u00f3ra<\/p>\n<\/li>\n<li data-start=\"3030\" data-end=\"3057\">\n<p data-start=\"3032\" data-end=\"3057\"><strong data-start=\"3032\" data-end=\"3047\">Dost\u0119pno\u015b\u0107:<\/strong> od r\u0119ki<\/p>\n<\/li>\n<\/ul>\n<p><strong data-start=\"1285\" data-end=\"1304\">Zainteresowany \/ Zainteresowana ?<\/strong><br data-start=\"1304\" data-end=\"1307\" \/><strong data-start=\"1307\" data-end=\"1414\">Skontaktuj si\u0119 z nami \u2013 pomagamy w finansowaniu, rejestracji i pe\u0142nej obs\u0142udze zakupu auta w Niemczech.<\/strong>\u00a0<\/p>\n<p data-start=\"2145\" data-end=\"2368\"><span dir=\"auto\">Jestem do dyspozycji. \u00a0 \u00a0\u00a0<\/span><\/p>\n<ul>\n<li data-start=\"2145\" data-end=\"2368\"><span dir=\"auto\">Dawid Szczepa\u0144ski<\/span><\/li>\n<li data-start=\"2145\" data-end=\"2368\"><a href=\"https:\/\/pewneauto.de\/\">https:\/\/pewneauto.de\/<\/a><\/li>\n<li data-start=\"2145\" data-end=\"2368\">E-mail :<\/li>\n<li data-start=\"2145\" data-end=\"2368\"><a href=\"https:\/\/samochody.pewneauto.de\/pl\/vehicle\/hyundai-kona\/szczepanski@pewneauto.de\/\">szczepanski@pewneauto.de<\/a><\/li>\n<li data-start=\"2145\" data-end=\"2368\">Telefon: 17641674738<\/li>\n<li data-start=\"2145\" data-end=\"2368\">WhatsApp :<\/li>\n<li data-start=\"2145\" data-end=\"2368\"><a href=\"https:\/\/wa.me\/4917641674738\">https:\/\/wa.me\/4917641674738<\/a><\/li>\n<li data-start=\"2145\" data-end=\"2368\">Ponad 800 zadowolonych klient\u00f3w.<\/li>\n<li data-start=\"2145\" data-end=\"2368\"><a href=\"https:\/\/pewneauto.de\/nasi-klienci\/\">https:\/\/pewneauto.de\/nasi-klienci\/<\/a><\/li>\n<li data-start=\"2145\" data-end=\"2368\">Pomagamy ponad 13 lat w samochodzie na raty w Niemczech. Wspieramy Polak\u00f3w od wyboru auto po rejestracji.<\/li>\n<li data-start=\"2145\" data-end=\"2368\">Pakiet KOMPLET<\/li>\n<li data-start=\"2145\" data-end=\"2368\"><a href=\"https:\/\/pewneauto.de\/pakiet-komplet-auto-raty-ubezpieczenie-rejestracja\/\">https:\/\/pewneauto.de\/pakiet-komplet-auto-raty-ubezpieczenie-rejestracja\/<\/a><\/li>\n<\/ul>\n<p>Opis pojazdu zosta\u0142 przygotowany w du\u017cej cz\u0119\u015bci automatycznie, zgodnie z norma europejska. Sprzedaj\u0105cy nie ponosi odpowiedzialno\u015bci za ewentualne b\u0142\u0119dy, pomy\u0142ki ani nieaktualne informacje zawarte w opisie. Niniejsza oferta ma charakter informacyjny i nie stanowi oferty handlowej w rozumieniu obowi\u0105zuj\u0105cych przepis\u00f3w prawa. Szczeg\u00f3\u0142owe informacje prosimy potwierdzi\u0107 bezpo\u015brednio przed zakupem.<\/p>\n<p>\u00a0<\/p>","protected":false},"featured_media":0,"template":"","meta":[],"vehizo_feature":[],"class_list":["post-7394","vehizo_vehicle","type-vehizo_vehicle","status-publish","hentry"],"_links":{"self":[{"href":"http:\/\/samochody.pewneauto.de\/pl\/wp-json\/wp\/v2\/vehizo_vehicle\/7394","targetHints":{"allow":["GET"]}}],"collection":[{"href":"http:\/\/samochody.pewneauto.de\/pl\/wp-json\/wp\/v2\/vehizo_vehicle"}],"about":[{"href":"http:\/\/samochody.pewneauto.de\/pl\/wp-json\/wp\/v2\/types\/vehizo_vehicle"}],"wp:attachment":[{"href":"http:\/\/samochody.pewneauto.de\/pl\/wp-json\/wp\/v2\/media?parent=7394"}],"wp:term":[{"taxonomy":"vehizo_feature","embeddable":true,"href":"http:\/\/samochody.pewneauto.de\/pl\/wp-json\/wp\/v2\/vehizo_feature?post=7394"}],"curies":[{"name":"wp","href":"https:\/\/api.w.org\/{rel}","templated":true}]}}