{"id":7485,"date":"2026-01-13T15:44:58","date_gmt":"2026-01-13T14:44:58","guid":{"rendered":"https:\/\/samochody.pewneauto.de\/?post_type=vehizo_vehicle&#038;p=7485"},"modified":"2026-01-13T15:47:25","modified_gmt":"2026-01-13T14:47:25","slug":"renault-clio-v-intens-tce-90-rata-od-201-euro","status":"publish","type":"vehizo_vehicle","link":"http:\/\/samochody.pewneauto.de\/pl\/vehicle\/renault-clio-v-intens-tce-90-rata-od-201-euro\/","title":{"rendered":"Renault Clio V Intens TCe 90 rata od 201 euro"},"content":{"rendered":"<h3><strong>Renault Clio V Intens TCe 90 rata od 201 euro<\/strong><\/h3>\n<p><img fetchpriority=\"high\" decoding=\"async\" class=\"alignnone size-medium wp-image-7494\" src=\"http:\/\/samochody.pewneauto.de\/wp-content\/uploads\/2026\/01\/WhatsApp-Image-2026-01-13-at-15.41.08-3-300x225.jpeg\" alt=\"\" width=\"300\" height=\"225\" srcset=\"http:\/\/samochody.pewneauto.de\/wp-content\/uploads\/2026\/01\/WhatsApp-Image-2026-01-13-at-15.41.08-3-300x225.jpeg 300w, http:\/\/samochody.pewneauto.de\/wp-content\/uploads\/2026\/01\/WhatsApp-Image-2026-01-13-at-15.41.08-3-1024x768.jpeg 1024w, http:\/\/samochody.pewneauto.de\/wp-content\/uploads\/2026\/01\/WhatsApp-Image-2026-01-13-at-15.41.08-3-768x576.jpeg 768w, http:\/\/samochody.pewneauto.de\/wp-content\/uploads\/2026\/01\/WhatsApp-Image-2026-01-13-at-15.41.08-3-1536x1152.jpeg 1536w, http:\/\/samochody.pewneauto.de\/wp-content\/uploads\/2026\/01\/WhatsApp-Image-2026-01-13-at-15.41.08-3-16x12.jpeg 16w, http:\/\/samochody.pewneauto.de\/wp-content\/uploads\/2026\/01\/WhatsApp-Image-2026-01-13-at-15.41.08-3.jpeg 2048w\" sizes=\"(max-width: 300px) 100vw, 300px\" \/><\/p>\n<p>\u00a0<\/p>\n<h1><strong>Gwarancja, pomoc w ubezpieczeniu i rejestracji.<\/strong><\/h1>\n<p>\u00a0<\/p>\n<h2><strong>Wymagania zakupu na raty:\u00a0<\/strong><\/h2>\n<ul>\n<li>meldunek<\/li>\n<li>konto niemieckie<\/li>\n<li>ostatni lohn od pracodawcy<\/li>\n<\/ul>\n<h2><span dir=\"auto\">Pomoc w ubezpieczeniu i rejestracji.<\/span><\/h2>\n<p><span dir=\"auto\">Zapytaj o auto:<\/span><\/p>\n<p><a href=\"https:\/\/wa.me\/4917641674738\">https:\/\/wa.me\/4917641674738<\/a><\/p>\n<p>Kalkulator Rat :<\/p>\n<p><a href=\"https:\/\/pewneauto.de\/kalkulator-kredytu-samochodowego\/\">https:\/\/pewneauto.de\/kalkulator-kredytu-samochodowego\/<\/a><\/p>\n<p><img decoding=\"async\" class=\"alignnone size-medium wp-image-7490\" src=\"http:\/\/samochody.pewneauto.de\/wp-content\/uploads\/2026\/01\/WhatsApp-Image-2026-01-13-at-15.41.09-2-300x225.jpeg\" alt=\"\" width=\"300\" height=\"225\" srcset=\"http:\/\/samochody.pewneauto.de\/wp-content\/uploads\/2026\/01\/WhatsApp-Image-2026-01-13-at-15.41.09-2-300x225.jpeg 300w, http:\/\/samochody.pewneauto.de\/wp-content\/uploads\/2026\/01\/WhatsApp-Image-2026-01-13-at-15.41.09-2-16x12.jpeg 16w, http:\/\/samochody.pewneauto.de\/wp-content\/uploads\/2026\/01\/WhatsApp-Image-2026-01-13-at-15.41.09-2.jpeg 640w\" sizes=\"(max-width: 300px) 100vw, 300px\" \/><\/p>\n<p data-start=\"96\" data-end=\"413\"><strong data-start=\"96\" data-end=\"269\">Nowoczesny, \u015bwietnie wyposa\u017cony i niezwykle komfortowy \u2013 ten platynowo-szary sedan z 2021 roku to idealne po\u0142\u0105czenie technologii, bezpiecze\u0144stwa i ekonomicznego silnika.<\/strong> Auto ma przebieg zaledwie <strong data-start=\"296\" data-end=\"309\">38 421 km<\/strong>, jest utrzymane w doskona\u0142ym stanie i oferuje wyposa\u017cenie, kt\u00f3rego nie spotyka si\u0119 cz\u0119sto w tej klasie.<\/p>\n<h3 data-start=\"415\" data-end=\"437\">\u00a0Komfort i wygoda<\/h3>\n<p data-start=\"438\" data-end=\"911\">Wn\u0119trze pojazdu zosta\u0142o stworzone z my\u015bl\u0105 o kierowcy i pasa\u017cerach.<br data-start=\"504\" data-end=\"507\" \/>Automatyczna klimatyzacja, <strong data-start=\"534\" data-end=\"556\">podgrzewane fotele<\/strong>, <strong data-start=\"558\" data-end=\"584\">podgrzewana kierownica<\/strong> oraz bezkluczykowy dost\u0119p sprawiaj\u0105, \u017ce ka\u017cda podr\u00f3\u017c staje si\u0119 przyjemno\u015bci\u0105. Elektryczne szyby, regulowana kolumna kierownicy, wielofunkcyjna sk\u00f3rzana kierownica i pod\u0142okietnik \u015brodkowy zwi\u0119kszaj\u0105 ergonomi\u0119 codziennej jazdy. Dzi\u0119ki trybom jazdy i ogranicznikowi pr\u0119dko\u015bci samoch\u00f3d dopasowuje si\u0119 do Twojego stylu prowadzenia.<\/p>\n<h3 data-start=\"913\" data-end=\"956\">\u00a0Bezpiecze\u0144stwo na najwy\u017cszym poziomie<\/h3>\n<p data-start=\"957\" data-end=\"1007\">Auto wyposa\u017cono w pe\u0142en pakiet system\u00f3w ochrony:<\/p>\n<ul data-start=\"1008\" data-end=\"1408\">\n<li data-start=\"1008\" data-end=\"1061\">\n<p data-start=\"1010\" data-end=\"1061\">Poduszki powietrzne (przednie, boczne, kurtynowe)<\/p>\n<\/li>\n<li data-start=\"1062\" data-end=\"1103\">\n<p data-start=\"1064\" data-end=\"1103\"><strong data-start=\"1064\" data-end=\"1074\">ISOFIX<\/strong> r\u00f3wnie\u017c na fotelu pasa\u017cera<\/p>\n<\/li>\n<li data-start=\"1104\" data-end=\"1169\">\n<p data-start=\"1106\" data-end=\"1169\"><strong data-start=\"1106\" data-end=\"1167\">Aktywny asystent hamowania awaryjnego z detekcj\u0105 pieszych<\/strong><\/p>\n<\/li>\n<li data-start=\"1170\" data-end=\"1204\">\n<p data-start=\"1172\" data-end=\"1204\">Asystent utrzymania pasa ruchu<\/p>\n<\/li>\n<li data-start=\"1205\" data-end=\"1250\">\n<p data-start=\"1207\" data-end=\"1250\">System ostrzegania o kolizji i odleg\u0142o\u015bci<\/p>\n<\/li>\n<li data-start=\"1251\" data-end=\"1285\">\n<p data-start=\"1253\" data-end=\"1285\">Rozpoznawanie znak\u00f3w drogowych<\/p>\n<\/li>\n<li data-start=\"1286\" data-end=\"1316\">\n<p data-start=\"1288\" data-end=\"1316\">Kontrola trakcji, ESP, ABS<\/p>\n<\/li>\n<li data-start=\"1317\" data-end=\"1361\">\n<p data-start=\"1319\" data-end=\"1361\">System monitorowania ci\u015bnienia w oponach<\/p>\n<\/li>\n<li data-start=\"1362\" data-end=\"1408\">\n<p data-start=\"1364\" data-end=\"1408\">Automatyczne po\u0142\u0105czenie alarmowe <strong data-start=\"1397\" data-end=\"1406\">eCall<\/strong><\/p>\n<\/li>\n<\/ul>\n<p data-start=\"1410\" data-end=\"1478\">To zestaw, kt\u00f3ry oferuje pewno\u015b\u0107 i bezpiecze\u0144stwo w ka\u017cdej sytuacji.<\/p>\n<h3 data-start=\"1480\" data-end=\"1510\">\u00a0Technologia i multimedia<\/h3>\n<p data-start=\"1511\" data-end=\"1581\">Ten egzemplarz oferuje najnowsz\u0105 generacj\u0119 system\u00f3w multimedialnych:<\/p>\n<ul data-start=\"1582\" data-end=\"1832\">\n<li data-start=\"1582\" data-end=\"1641\">\n<p data-start=\"1584\" data-end=\"1641\"><strong data-start=\"1584\" data-end=\"1616\">Easy Link z nawigacj\u0105 (9,3\u201d)<\/strong> lub ekran EASY LINK 7\u201d<\/p>\n<\/li>\n<li data-start=\"1642\" data-end=\"1674\">\n<p data-start=\"1644\" data-end=\"1674\">Apple CarPlay &amp; Android Auto<\/p>\n<\/li>\n<li data-start=\"1675\" data-end=\"1711\">\n<p data-start=\"1677\" data-end=\"1711\">Bluetooth, USB, streaming muzyki<\/p>\n<\/li>\n<li data-start=\"1712\" data-end=\"1734\">\n<p data-start=\"1714\" data-end=\"1734\">Sterowanie g\u0142osowe<\/p>\n<\/li>\n<li data-start=\"1735\" data-end=\"1757\">\n<p data-start=\"1737\" data-end=\"1757\">Radio cyfrowe DAB+<\/p>\n<\/li>\n<li data-start=\"1758\" data-end=\"1787\">\n<p data-start=\"1760\" data-end=\"1787\">Cyfrowy zestaw wska\u017anik\u00f3w<\/p>\n<\/li>\n<li data-start=\"1788\" data-end=\"1832\">\n<p data-start=\"1790\" data-end=\"1832\">Zdalne sterowanie funkcjami z kierownicy<\/p>\n<\/li>\n<\/ul>\n<p data-start=\"1834\" data-end=\"1919\">Idealny towarzysz dla tych, kt\u00f3rzy ceni\u0105 nowoczesne rozwi\u0105zania i intuicyjn\u0105 obs\u0142ug\u0119.<\/p>\n<h3 data-start=\"1921\" data-end=\"1958\">\u00a0Design i wyposa\u017cenie zewn\u0119trzne<\/h3>\n<p data-start=\"1959\" data-end=\"2267\">Samoch\u00f3d wyr\u00f3\u017cnia si\u0119 eleganckim lakierem <strong data-start=\"2001\" data-end=\"2021\">platynowo-szarym<\/strong>, LED-owymi reflektorami Pure Vision, \u015bwiat\u0142ami do jazdy dziennej LED oraz tylnymi \u015bwiat\u0142ami LED w kszta\u0142cie litery C. Chromowane akcenty, elektrycznie sk\u0142adane i podgrzewane lusterka oraz aluminiowe felgi nadaj\u0105 mu dynamiczny, nowoczesny wygl\u0105d.<\/p>\n<h3 data-start=\"2269\" data-end=\"2297\">\u00a0Stan techniczny i dane<\/h3>\n<ul data-start=\"2298\" data-end=\"2649\">\n<li data-start=\"2298\" data-end=\"2315\">\n<p data-start=\"2300\" data-end=\"2315\">Rok: <strong data-start=\"2305\" data-end=\"2313\">2021<\/strong><\/p>\n<\/li>\n<li data-start=\"2316\" data-end=\"2343\">\n<p data-start=\"2318\" data-end=\"2343\">Przebieg: <strong data-start=\"2328\" data-end=\"2341\">38 421 km<\/strong><\/p>\n<\/li>\n<li data-start=\"2344\" data-end=\"2370\">\n<p data-start=\"2346\" data-end=\"2370\">Moc: <strong data-start=\"2351\" data-end=\"2368\">67 kW (91 KM)<\/strong><\/p>\n<\/li>\n<li data-start=\"2371\" data-end=\"2433\">\n<p data-start=\"2373\" data-end=\"2433\">Silnik: <strong data-start=\"2381\" data-end=\"2402\">1.0 TCe (benzyna)<\/strong> \u2013 zgodny z norm\u0105 <strong data-start=\"2420\" data-end=\"2431\">Euro 6d<\/strong><\/p>\n<\/li>\n<li data-start=\"2434\" data-end=\"2470\">\n<p data-start=\"2436\" data-end=\"2470\">Skrzynia: <strong data-start=\"2446\" data-end=\"2468\">6-biegowa manualna<\/strong><\/p>\n<\/li>\n<li data-start=\"2471\" data-end=\"2496\">\n<p data-start=\"2473\" data-end=\"2496\">Liczba drzwi: <strong data-start=\"2487\" data-end=\"2494\">4\/5<\/strong><\/p>\n<\/li>\n<li data-start=\"2497\" data-end=\"2515\">\n<p data-start=\"2499\" data-end=\"2515\">Miejsca: <strong data-start=\"2508\" data-end=\"2513\">5<\/strong><\/p>\n<\/li>\n<li data-start=\"2516\" data-end=\"2546\">\n<p data-start=\"2518\" data-end=\"2546\">Kolor: <strong data-start=\"2525\" data-end=\"2544\">Platynowo-szary<\/strong><\/p>\n<\/li>\n<li data-start=\"2547\" data-end=\"2587\">\n<p data-start=\"2549\" data-end=\"2587\">Tapicerka: tkanina\/sk\u00f3ra syntetyczna<\/p>\n<\/li>\n<\/ul>\n<p><strong data-start=\"1285\" data-end=\"1304\">Zainteresowany \/ Zainteresowana ?<\/strong><br data-start=\"1304\" data-end=\"1307\" \/><strong data-start=\"1307\" data-end=\"1414\">Skontaktuj si\u0119 z nami \u2013 pomagamy w finansowaniu, rejestracji i pe\u0142nej obs\u0142udze zakupu auta w Niemczech.<\/strong>\u00a0<\/p>\n<p data-start=\"2145\" data-end=\"2368\"><span dir=\"auto\">Jestem do dyspozycji. \u00a0 \u00a0\u00a0<\/span><\/p>\n<ul>\n<li data-start=\"2145\" data-end=\"2368\"><span dir=\"auto\">Dawid Szczepa\u0144ski<\/span><\/li>\n<li data-start=\"2145\" data-end=\"2368\"><a href=\"https:\/\/pewneauto.de\/\">https:\/\/pewneauto.de\/<\/a><\/li>\n<li data-start=\"2145\" data-end=\"2368\">E-mail :<\/li>\n<li data-start=\"2145\" data-end=\"2368\"><a href=\"https:\/\/samochody.pewneauto.de\/pl\/vehicle\/hyundai-kona\/szczepanski@pewneauto.de\/\">szczepanski@pewneauto.de<\/a><\/li>\n<li data-start=\"2145\" data-end=\"2368\">Telefon: 17641674738<\/li>\n<li data-start=\"2145\" data-end=\"2368\">WhatsApp :<\/li>\n<li data-start=\"2145\" data-end=\"2368\"><a href=\"https:\/\/wa.me\/4917641674738\">https:\/\/wa.me\/4917641674738<\/a><\/li>\n<li data-start=\"2145\" data-end=\"2368\">Ponad 800 zadowolonych klient\u00f3w.<\/li>\n<li data-start=\"2145\" data-end=\"2368\"><a href=\"https:\/\/pewneauto.de\/nasi-klienci\/\">https:\/\/pewneauto.de\/nasi-klienci\/<\/a><\/li>\n<li data-start=\"2145\" data-end=\"2368\">Pomagamy ponad 13 lat w samochodzie na raty w Niemczech. Wspieramy Polak\u00f3w od wyboru auto po rejestracji.<\/li>\n<li data-start=\"2145\" data-end=\"2368\">Pakiet KOMPLET<\/li>\n<li data-start=\"2145\" data-end=\"2368\"><a href=\"https:\/\/pewneauto.de\/pakiet-komplet-auto-raty-ubezpieczenie-rejestracja\/\">https:\/\/pewneauto.de\/pakiet-komplet-auto-raty-ubezpieczenie-rejestracja\/<\/a><\/li>\n<\/ul>\n<p>Opis pojazdu zosta\u0142 przygotowany w du\u017cej cz\u0119\u015bci automatycznie, zgodnie z norma europejska. Sprzedaj\u0105cy nie ponosi odpowiedzialno\u015bci za ewentualne b\u0142\u0119dy, pomy\u0142ki ani nieaktualne informacje zawarte w opisie. Niniejsza oferta ma charakter informacyjny i nie stanowi oferty handlowej w rozumieniu obowi\u0105zuj\u0105cych przepis\u00f3w prawa. Szczeg\u00f3\u0142owe informacje prosimy potwierdzi\u0107 bezpo\u015brednio przed zakupem.<\/p>","protected":false},"featured_media":0,"template":"","meta":[],"vehizo_feature":[],"class_list":["post-7485","vehizo_vehicle","type-vehizo_vehicle","status-publish","hentry"],"_links":{"self":[{"href":"http:\/\/samochody.pewneauto.de\/pl\/wp-json\/wp\/v2\/vehizo_vehicle\/7485","targetHints":{"allow":["GET"]}}],"collection":[{"href":"http:\/\/samochody.pewneauto.de\/pl\/wp-json\/wp\/v2\/vehizo_vehicle"}],"about":[{"href":"http:\/\/samochody.pewneauto.de\/pl\/wp-json\/wp\/v2\/types\/vehizo_vehicle"}],"wp:attachment":[{"href":"http:\/\/samochody.pewneauto.de\/pl\/wp-json\/wp\/v2\/media?parent=7485"}],"wp:term":[{"taxonomy":"vehizo_feature","embeddable":true,"href":"http:\/\/samochody.pewneauto.de\/pl\/wp-json\/wp\/v2\/vehizo_feature?post=7485"}],"curies":[{"name":"wp","href":"https:\/\/api.w.org\/{rel}","templated":true}]}}