{"id":7539,"date":"2026-01-18T11:16:48","date_gmt":"2026-01-18T10:16:48","guid":{"rendered":"https:\/\/samochody.pewneauto.de\/?post_type=vehizo_vehicle&#038;p=7539"},"modified":"2026-01-18T11:22:17","modified_gmt":"2026-01-18T10:22:17","slug":"opel-grandland-x-rata-od-240-euro-1-6-turbo-hybrid-ultimate-auto-ahk","status":"publish","type":"vehizo_vehicle","link":"http:\/\/samochody.pewneauto.de\/pl\/vehicle\/opel-grandland-x-rata-od-240-euro-1-6-turbo-hybrid-ultimate-auto-ahk\/","title":{"rendered":"OPEL Grandland X Rata od 240 euro 1.6 Turbo Hybrid Ultimate Auto. *AHK"},"content":{"rendered":"<h4><strong>OPEL Grandland X Rata od 240 euro 1.6 Turbo Hybrid Ultimate Auto. *AHK<\/strong><\/h4>\n<p><img fetchpriority=\"high\" decoding=\"async\" class=\"alignnone size-medium wp-image-7550\" src=\"http:\/\/samochody.pewneauto.de\/wp-content\/uploads\/2026\/01\/WhatsApp-Image-2026-01-18-at-11.11.45-300x199.jpeg\" alt=\"\" width=\"300\" height=\"199\" srcset=\"http:\/\/samochody.pewneauto.de\/wp-content\/uploads\/2026\/01\/WhatsApp-Image-2026-01-18-at-11.11.45-300x199.jpeg 300w, http:\/\/samochody.pewneauto.de\/wp-content\/uploads\/2026\/01\/WhatsApp-Image-2026-01-18-at-11.11.45-1024x680.jpeg 1024w, http:\/\/samochody.pewneauto.de\/wp-content\/uploads\/2026\/01\/WhatsApp-Image-2026-01-18-at-11.11.45-768x510.jpeg 768w, http:\/\/samochody.pewneauto.de\/wp-content\/uploads\/2026\/01\/WhatsApp-Image-2026-01-18-at-11.11.45-1536x1019.jpeg 1536w, http:\/\/samochody.pewneauto.de\/wp-content\/uploads\/2026\/01\/WhatsApp-Image-2026-01-18-at-11.11.45-18x12.jpeg 18w, http:\/\/samochody.pewneauto.de\/wp-content\/uploads\/2026\/01\/WhatsApp-Image-2026-01-18-at-11.11.45.jpeg 2048w\" sizes=\"(max-width: 300px) 100vw, 300px\" \/><\/p>\n<h1><strong>Gwarancja, pomoc w ubezpieczeniu i rejestracji.<\/strong><\/h1>\n<p>\u00a0<\/p>\n<h2><strong>Wymagania zakupu na raty:\u00a0<\/strong><\/h2>\n<ul>\n<li>meldunek<\/li>\n<li>konto niemieckie<\/li>\n<li>ostatni lohn od pracodawcy<\/li>\n<\/ul>\n<h2><span dir=\"auto\">Pomoc w ubezpieczeniu i rejestracji.<\/span><\/h2>\n<p><span dir=\"auto\">Zapytaj o auto:<\/span><\/p>\n<p><a href=\"https:\/\/wa.me\/4917641674738\">https:\/\/wa.me\/4917641674738<\/a><\/p>\n<p>Kalkulator Rat :<\/p>\n<p><a href=\"https:\/\/pewneauto.de\/kalkulator-kredytu-samochodowego\/\">https:\/\/pewneauto.de\/kalkulator-kredytu-samochodowego\/<\/a><\/p>\n<p><img decoding=\"async\" class=\"alignnone size-medium wp-image-7540\" src=\"http:\/\/samochody.pewneauto.de\/wp-content\/uploads\/2026\/01\/WhatsApp-Image-2026-01-18-at-11.11.45-10-300x225.jpeg\" alt=\"\" width=\"300\" height=\"225\" srcset=\"http:\/\/samochody.pewneauto.de\/wp-content\/uploads\/2026\/01\/WhatsApp-Image-2026-01-18-at-11.11.45-10-300x225.jpeg 300w, http:\/\/samochody.pewneauto.de\/wp-content\/uploads\/2026\/01\/WhatsApp-Image-2026-01-18-at-11.11.45-10-768x576.jpeg 768w, http:\/\/samochody.pewneauto.de\/wp-content\/uploads\/2026\/01\/WhatsApp-Image-2026-01-18-at-11.11.45-10-16x12.jpeg 16w, http:\/\/samochody.pewneauto.de\/wp-content\/uploads\/2026\/01\/WhatsApp-Image-2026-01-18-at-11.11.45-10.jpeg 1024w\" sizes=\"(max-width: 300px) 100vw, 300px\" \/><\/p>\n<h1 data-start=\"155\" data-end=\"257\"><strong data-start=\"157\" data-end=\"257\">Opel Grandland X 1.6 Turbo Hybrid Ultimate Auto \u2013 PHEV \/ 224 KM \/ 360\u00b0 \/ WENTYLACJA FOTELI \/ AHK<\/strong><\/h1>\n<p data-start=\"259\" data-end=\"595\">Oferuj\u0119 na sprzeda\u017c topowo wyposa\u017conego <strong data-start=\"299\" data-end=\"336\">Opel Grandland X 1.6 Turbo Hybrid<\/strong> w wersji <strong data-start=\"346\" data-end=\"358\">Ultimate<\/strong> \u2013 najmocniejszej i najbardziej luksusowej odmianie tego modelu. Auto nap\u0119dza hybrydowy uk\u0142ad <strong data-start=\"452\" data-end=\"463\">plug-in<\/strong> o mocy systemowej <strong data-start=\"482\" data-end=\"492\">224 KM<\/strong>, co zapewnia \u015bwietn\u0105 dynamik\u0119, niskie zu\u017cycie paliwa i komfortow\u0105, p\u0142ynn\u0105 jazd\u0119 w trybie elektrycznym.<\/p>\n<p data-start=\"597\" data-end=\"864\">Samoch\u00f3d pochodzi z <strong data-start=\"617\" data-end=\"640\">2021 roku (09\/2021)<\/strong> i ma przebieg <strong data-start=\"655\" data-end=\"669\">114 927 km<\/strong>. Bia\u0142y lakier z kontrastowym <strong data-start=\"699\" data-end=\"717\">czarnym dachem<\/strong> i czarnymi lusterkami nadaje mu wyj\u0105tkowo elegancki, nowoczesny charakter. To prawdziwy SUV klasy premium \u2013 doposa\u017cony, zadbany i gotowy do jazdy.<\/p>\n<h2 data-start=\"871\" data-end=\"904\"><strong data-start=\"876\" data-end=\"904\">Najwa\u017cniejsze informacje<\/strong><\/h2>\n<ul data-start=\"905\" data-end=\"1334\">\n<li data-start=\"905\" data-end=\"945\">\n<p data-start=\"907\" data-end=\"945\"><strong data-start=\"907\" data-end=\"917\">Model:<\/strong> Opel Grandland X Ultimate<\/p>\n<\/li>\n<li data-start=\"946\" data-end=\"1007\">\n<p data-start=\"948\" data-end=\"1007\"><strong data-start=\"948\" data-end=\"958\">Nap\u0119d:<\/strong> Hybryda plug-in (benzyna + silnik elektryczny)<\/p>\n<\/li>\n<li data-start=\"1008\" data-end=\"1046\">\n<p data-start=\"1010\" data-end=\"1046\"><strong data-start=\"1010\" data-end=\"1028\">Moc systemowa:<\/strong> 165 kW \/ 224 KM<\/p>\n<\/li>\n<li data-start=\"1047\" data-end=\"1091\">\n<p data-start=\"1049\" data-end=\"1091\"><strong data-start=\"1049\" data-end=\"1070\">Silnik benzynowy:<\/strong> 1.6 Turbo (133 kW)<\/p>\n<\/li>\n<li data-start=\"1092\" data-end=\"1165\">\n<p data-start=\"1094\" data-end=\"1165\"><strong data-start=\"1094\" data-end=\"1114\">Skrzynia bieg\u00f3w:<\/strong> automatyczna, 8-stopniowa (z funkcj\u0105 Start\/Stop)<\/p>\n<\/li>\n<li data-start=\"1166\" data-end=\"1194\">\n<p data-start=\"1168\" data-end=\"1194\"><strong data-start=\"1168\" data-end=\"1181\">Przebieg:<\/strong> 114 927 km<\/p>\n<\/li>\n<li data-start=\"1195\" data-end=\"1245\">\n<p data-start=\"1197\" data-end=\"1245\"><strong data-start=\"1197\" data-end=\"1228\">Rok \/ pierwsza rejestracja:<\/strong> 2021 \/ 09.2021<\/p>\n<\/li>\n<li data-start=\"1246\" data-end=\"1277\">\n<p data-start=\"1248\" data-end=\"1277\"><strong data-start=\"1248\" data-end=\"1258\">Nap\u0119d:<\/strong> na przednie ko\u0142a<\/p>\n<\/li>\n<li data-start=\"1278\" data-end=\"1315\">\n<p data-start=\"1280\" data-end=\"1315\"><strong data-start=\"1280\" data-end=\"1290\">Kolor:<\/strong> bia\u0142y z czarnym dachem<\/p>\n<\/li>\n<li data-start=\"1316\" data-end=\"1334\">\n<p data-start=\"1318\" data-end=\"1334\"><strong data-start=\"1318\" data-end=\"1330\">Miejsca:<\/strong> 5<\/p>\n<\/li>\n<\/ul>\n<h1 data-start=\"1341\" data-end=\"1401\"><strong data-start=\"1347\" data-end=\"1401\">Systemy wspomagaj\u0105ce i bezpiecze\u0144stwo \u2013 FULL opcja<\/strong><\/h1>\n<ul data-start=\"1402\" data-end=\"2015\">\n<li data-start=\"1402\" data-end=\"1452\">\n<p data-start=\"1404\" data-end=\"1452\"><strong data-start=\"1404\" data-end=\"1425\">System kamer 360\u00b0<\/strong> \u2013 pe\u0142ny widok wok\u00f3\u0142 auta<\/p>\n<\/li>\n<li data-start=\"1453\" data-end=\"1508\">\n<p data-start=\"1455\" data-end=\"1508\"><strong data-start=\"1455\" data-end=\"1506\">Asystent parkowania z automatycznym parkowaniem<\/strong><\/p>\n<\/li>\n<li data-start=\"1509\" data-end=\"1545\">\n<p data-start=\"1511\" data-end=\"1545\"><strong data-start=\"1511\" data-end=\"1543\">Asystent martwego pola (BSM)<\/strong><\/p>\n<\/li>\n<li data-start=\"1546\" data-end=\"1584\">\n<p data-start=\"1548\" data-end=\"1584\"><strong data-start=\"1548\" data-end=\"1582\">Asystent utrzymania pasa ruchu<\/strong><\/p>\n<\/li>\n<li data-start=\"1585\" data-end=\"1619\">\n<p data-start=\"1587\" data-end=\"1619\"><strong data-start=\"1587\" data-end=\"1617\">Asystent \u015bwiate\u0142 drogowych<\/strong><\/p>\n<\/li>\n<li data-start=\"1620\" data-end=\"1690\">\n<p data-start=\"1622\" data-end=\"1690\"><strong data-start=\"1622\" data-end=\"1688\">Autonomiczny system awaryjnego hamowania + wykrywanie pieszych<\/strong><\/p>\n<\/li>\n<li data-start=\"1691\" data-end=\"1756\">\n<p data-start=\"1693\" data-end=\"1756\"><strong data-start=\"1693\" data-end=\"1754\">Ostrzeganie o kolizji czo\u0142owej \/ ostrze\u017cenie o odleg\u0142o\u015bci<\/strong><\/p>\n<\/li>\n<li data-start=\"1757\" data-end=\"1791\">\n<p data-start=\"1759\" data-end=\"1791\">Rozpoznawanie znak\u00f3w drogowych<\/p>\n<\/li>\n<li data-start=\"1792\" data-end=\"1823\">\n<p data-start=\"1794\" data-end=\"1823\">Kontrola zm\u0119czenia kierowcy<\/p>\n<\/li>\n<li data-start=\"1824\" data-end=\"1872\">\n<p data-start=\"1826\" data-end=\"1872\">Tempomat adaptacyjny z funkcj\u0105 zatrzymywania<\/p>\n<\/li>\n<li data-start=\"1873\" data-end=\"1909\">\n<p data-start=\"1875\" data-end=\"1909\">HSA \u2013 asystent ruszania pod g\u00f3r\u0119<\/p>\n<\/li>\n<li data-start=\"1910\" data-end=\"1945\">\n<p data-start=\"1912\" data-end=\"1945\">ABS, ESP Plus, kontrola trakcji<\/p>\n<\/li>\n<li data-start=\"1946\" data-end=\"1983\">\n<p data-start=\"1948\" data-end=\"1983\">Monitorowanie ci\u015bnienia w oponach<\/p>\n<\/li>\n<li data-start=\"1984\" data-end=\"2015\">\n<p data-start=\"1986\" data-end=\"2015\">Czujnik deszczu i zmierzchu<\/p>\n<\/li>\n<\/ul>\n<h1 data-start=\"2022\" data-end=\"2052\"><strong data-start=\"2027\" data-end=\"2052\">Multimedia i \u0142\u0105czno\u015b\u0107<\/strong><\/h1>\n<ul data-start=\"2053\" data-end=\"2241\">\n<li data-start=\"2053\" data-end=\"2086\">\n<p data-start=\"2055\" data-end=\"2086\"><strong data-start=\"2055\" data-end=\"2084\">Nawigacja 5.0 IntelliLink<\/strong><\/p>\n<\/li>\n<li data-start=\"2087\" data-end=\"2110\">\n<p data-start=\"2089\" data-end=\"2110\">DAB \u2013 cyfrowe radio<\/p>\n<\/li>\n<li data-start=\"2111\" data-end=\"2130\">\n<p data-start=\"2113\" data-end=\"2130\">Bluetooth Audio<\/p>\n<\/li>\n<li data-start=\"2131\" data-end=\"2143\">\n<p data-start=\"2133\" data-end=\"2143\">USB, MP3<\/p>\n<\/li>\n<li data-start=\"2144\" data-end=\"2160\">\n<p data-start=\"2146\" data-end=\"2160\">Opel Connect<\/p>\n<\/li>\n<li data-start=\"2161\" data-end=\"2196\">\n<p data-start=\"2163\" data-end=\"2196\">\u0141adowanie indukcyjne smartfon\u00f3w<\/p>\n<\/li>\n<li data-start=\"2197\" data-end=\"2241\">\n<p data-start=\"2199\" data-end=\"2241\">System nag\u0142o\u015bnienia z wieloma g\u0142o\u015bnikami<\/p>\n<\/li>\n<\/ul>\n<h1 data-start=\"2248\" data-end=\"2292\"><strong data-start=\"2253\" data-end=\"2292\">Komfort i wn\u0119trze \u2013 wersja Ultimate<\/strong><\/h1>\n<ul data-start=\"2293\" data-end=\"2834\">\n<li data-start=\"2293\" data-end=\"2354\">\n<p data-start=\"2295\" data-end=\"2354\"><strong data-start=\"2295\" data-end=\"2352\">Wentylacja przednich foteli \u2013 rzadko spotykana opcja!<\/strong><\/p>\n<\/li>\n<li data-start=\"2355\" data-end=\"2393\">\n<p data-start=\"2357\" data-end=\"2393\"><strong data-start=\"2357\" data-end=\"2391\">Podgrzewane przednie siedzenia<\/strong><\/p>\n<\/li>\n<li data-start=\"2394\" data-end=\"2468\">\n<p data-start=\"2396\" data-end=\"2468\"><strong data-start=\"2396\" data-end=\"2441\">Elektryczna regulacja odcinka l\u0119d\u017awiowego<\/strong> w obu przednich fotelach<\/p>\n<\/li>\n<li data-start=\"2469\" data-end=\"2525\">\n<p data-start=\"2471\" data-end=\"2525\"><strong data-start=\"2471\" data-end=\"2502\">Fotele ergonomiczne premium<\/strong> z perforowanej sk\u00f3ry<\/p>\n<\/li>\n<li data-start=\"2526\" data-end=\"2578\">\n<p data-start=\"2528\" data-end=\"2578\">Sportowa kierownica sk\u00f3rzana, sp\u0142aszczona u do\u0142u<\/p>\n<\/li>\n<li data-start=\"2579\" data-end=\"2619\">\n<p data-start=\"2581\" data-end=\"2619\">Multifunkcja + \u0142opatki zmiany bieg\u00f3w<\/p>\n<\/li>\n<li data-start=\"2620\" data-end=\"2665\">\n<p data-start=\"2622\" data-end=\"2665\">Automatyczna klimatyzacja <strong data-start=\"2648\" data-end=\"2663\">dwustrefowa<\/strong><\/p>\n<\/li>\n<li data-start=\"2666\" data-end=\"2718\">\n<p data-start=\"2668\" data-end=\"2718\">O\u015bwietlenie ambientowe wn\u0119trza (konsola + drzwi)<\/p>\n<\/li>\n<li data-start=\"2719\" data-end=\"2741\">\n<p data-start=\"2721\" data-end=\"2741\">Tylny pod\u0142okietnik<\/p>\n<\/li>\n<li data-start=\"2742\" data-end=\"2771\">\n<p data-start=\"2744\" data-end=\"2771\">Lusterko fotochromatyczne<\/p>\n<\/li>\n<li data-start=\"2772\" data-end=\"2794\">\n<p data-start=\"2774\" data-end=\"2794\">Komputer pok\u0142adowy<\/p>\n<\/li>\n<li data-start=\"2795\" data-end=\"2834\">\n<p data-start=\"2797\" data-end=\"2834\">Sk\u0142adane tylne oparcia <strong data-start=\"2820\" data-end=\"2832\">FlexFold<\/strong><\/p>\n<\/li>\n<\/ul>\n<h1 data-start=\"2841\" data-end=\"2885\"><strong data-start=\"2846\" data-end=\"2885\">Zewn\u0119trzne wyposa\u017cenie i stylistyka<\/strong><\/h1>\n<ul data-start=\"2886\" data-end=\"3257\">\n<li data-start=\"2886\" data-end=\"2934\">\n<p data-start=\"2888\" data-end=\"2934\"><strong data-start=\"2888\" data-end=\"2932\">Hak holowniczy AHK \u2013 z od\u0142\u0105czan\u0105 g\u0142owic\u0105<\/strong><\/p>\n<\/li>\n<li data-start=\"2935\" data-end=\"2970\">\n<p data-start=\"2937\" data-end=\"2970\"><strong data-start=\"2937\" data-end=\"2968\">Elektryczna klapa baga\u017cnika<\/strong><\/p>\n<\/li>\n<li data-start=\"2971\" data-end=\"2999\">\n<p data-start=\"2973\" data-end=\"2999\">Bi-LED + adaptacyjne AFL<\/p>\n<\/li>\n<li data-start=\"3000\" data-end=\"3027\">\n<p data-start=\"3002\" data-end=\"3027\">LED-owe \u015bwiat\u0142a dzienne<\/p>\n<\/li>\n<li data-start=\"3028\" data-end=\"3054\">\n<p data-start=\"3030\" data-end=\"3054\">\u015awiat\u0142a przeciwmgielne<\/p>\n<\/li>\n<li data-start=\"3055\" data-end=\"3085\">\n<p data-start=\"3057\" data-end=\"3085\">Czarne lusterka zewn\u0119trzne<\/p>\n<\/li>\n<li data-start=\"3086\" data-end=\"3119\">\n<p data-start=\"3088\" data-end=\"3119\">Czarny dach + relingi srebrne<\/p>\n<\/li>\n<li data-start=\"3120\" data-end=\"3153\">\n<p data-start=\"3122\" data-end=\"3153\">Felgi aluminiowe stylowe (LM)<\/p>\n<\/li>\n<li data-start=\"3154\" data-end=\"3199\">\n<p data-start=\"3156\" data-end=\"3199\">Szyby Solar-Protect \u2013 przyciemniane tylne<\/p>\n<\/li>\n<li data-start=\"3200\" data-end=\"3231\">\n<p data-start=\"3202\" data-end=\"3231\">Chromowane akcenty nadwozia<\/p>\n<\/li>\n<li data-start=\"3232\" data-end=\"3257\">\n<p data-start=\"3234\" data-end=\"3257\">O\u015bwietlenie otoczenia<\/p>\n<\/li>\n<\/ul>\n<h1 data-start=\"3264\" data-end=\"3293\"><strong data-start=\"3268\" data-end=\"3293\">Technologia hybrydowa<\/strong><\/h1>\n<ul data-start=\"3294\" data-end=\"3473\">\n<li data-start=\"3294\" data-end=\"3313\">\n<p data-start=\"3296\" data-end=\"3313\">Hybryda plug-in<\/p>\n<\/li>\n<li data-start=\"3314\" data-end=\"3342\">\n<p data-start=\"3316\" data-end=\"3342\">Silnik elektryczny 81 kW<\/p>\n<\/li>\n<li data-start=\"3343\" data-end=\"3366\">\n<p data-start=\"3345\" data-end=\"3366\">\u0141adowarka pok\u0142adowa<\/p>\n<\/li>\n<li data-start=\"3367\" data-end=\"3398\">\n<p data-start=\"3369\" data-end=\"3398\">Gniazdko <strong data-start=\"3378\" data-end=\"3386\">230V<\/strong> w kabinie<\/p>\n<\/li>\n<li data-start=\"3399\" data-end=\"3436\">\n<p data-start=\"3401\" data-end=\"3436\">Uniwersalny kabel \u0142aduj\u0105cy (16 A)<\/p>\n<\/li>\n<li data-start=\"3437\" data-end=\"3473\">\n<p data-start=\"3439\" data-end=\"3473\">Tryby jazdy wybierane selektorem<\/p>\n<\/li>\n<\/ul>\n<h2 data-start=\"3480\" data-end=\"3499\"><strong data-start=\"3486\" data-end=\"3499\">Stan auta<\/strong><\/h2>\n<p data-start=\"3500\" data-end=\"3713\">Auto w \u015bwietnej kondycji technicznej, regularnie u\u017cytkowane i serwisowane. Bezproblemowe, dynamiczne i bardzo dobrze wyposa\u017cone. Jako wersja <strong data-start=\"3641\" data-end=\"3653\">Ultimate<\/strong> oferuje wszystko, co Opel mia\u0142 najlepszego do zaoferowania.<\/p>\n<p data-start=\"3500\" data-end=\"3713\">\u00a0<\/p>\n<p><strong data-start=\"1285\" data-end=\"1304\">Zainteresowany \/ Zainteresowana ?<\/strong><br data-start=\"1304\" data-end=\"1307\" \/><strong data-start=\"1307\" data-end=\"1414\">Skontaktuj si\u0119 z nami \u2013 pomagamy w finansowaniu, rejestracji i pe\u0142nej obs\u0142udze zakupu auta w Niemczech.<\/strong>\u00a0<\/p>\n<p data-start=\"2145\" data-end=\"2368\"><span dir=\"auto\">Jestem do dyspozycji. \u00a0 \u00a0\u00a0<\/span><\/p>\n<ul>\n<li data-start=\"2145\" data-end=\"2368\"><span dir=\"auto\">Dawid Szczepa\u0144ski<\/span><\/li>\n<li data-start=\"2145\" data-end=\"2368\"><a href=\"https:\/\/pewneauto.de\/\">https:\/\/pewneauto.de\/<\/a><\/li>\n<li data-start=\"2145\" data-end=\"2368\">E-mail :<\/li>\n<li data-start=\"2145\" data-end=\"2368\"><a href=\"https:\/\/samochody.pewneauto.de\/pl\/vehicle\/hyundai-kona\/szczepanski@pewneauto.de\/\">szczepanski@pewneauto.de<\/a><\/li>\n<li data-start=\"2145\" data-end=\"2368\">Telefon: 17641674738<\/li>\n<li data-start=\"2145\" data-end=\"2368\">WhatsApp :<\/li>\n<li data-start=\"2145\" data-end=\"2368\"><a href=\"https:\/\/wa.me\/4917641674738\">https:\/\/wa.me\/4917641674738<\/a><\/li>\n<li data-start=\"2145\" data-end=\"2368\">Ponad 800 zadowolonych klient\u00f3w.<\/li>\n<li data-start=\"2145\" data-end=\"2368\"><a href=\"https:\/\/pewneauto.de\/nasi-klienci\/\">https:\/\/pewneauto.de\/nasi-klienci\/<\/a><\/li>\n<li data-start=\"2145\" data-end=\"2368\">Pomagamy ponad 13 lat w samochodzie na raty w Niemczech. Wspieramy Polak\u00f3w od wyboru auto po rejestracji.<\/li>\n<li data-start=\"2145\" data-end=\"2368\">Pakiet KOMPLET<\/li>\n<li data-start=\"2145\" data-end=\"2368\"><a href=\"https:\/\/pewneauto.de\/pakiet-komplet-auto-raty-ubezpieczenie-rejestracja\/\">https:\/\/pewneauto.de\/pakiet-komplet-auto-raty-ubezpieczenie-rejestracja\/<\/a><\/li>\n<\/ul>\n<p>Opis pojazdu zosta\u0142 przygotowany w du\u017cej cz\u0119\u015bci automatycznie, zgodnie z norma europejska. Sprzedaj\u0105cy nie ponosi odpowiedzialno\u015bci za ewentualne b\u0142\u0119dy, pomy\u0142ki ani nieaktualne informacje zawarte w opisie. Niniejsza oferta ma charakter informacyjny i nie stanowi oferty handlowej w rozumieniu obowi\u0105zuj\u0105cych przepis\u00f3w prawa. Szczeg\u00f3\u0142owe informacje prosimy potwierdzi\u0107 bezpo\u015brednio przed zakupem.<\/p>","protected":false},"featured_media":0,"template":"","meta":[],"vehizo_feature":[],"class_list":["post-7539","vehizo_vehicle","type-vehizo_vehicle","status-publish","hentry"],"_links":{"self":[{"href":"http:\/\/samochody.pewneauto.de\/pl\/wp-json\/wp\/v2\/vehizo_vehicle\/7539","targetHints":{"allow":["GET"]}}],"collection":[{"href":"http:\/\/samochody.pewneauto.de\/pl\/wp-json\/wp\/v2\/vehizo_vehicle"}],"about":[{"href":"http:\/\/samochody.pewneauto.de\/pl\/wp-json\/wp\/v2\/types\/vehizo_vehicle"}],"wp:attachment":[{"href":"http:\/\/samochody.pewneauto.de\/pl\/wp-json\/wp\/v2\/media?parent=7539"}],"wp:term":[{"taxonomy":"vehizo_feature","embeddable":true,"href":"http:\/\/samochody.pewneauto.de\/pl\/wp-json\/wp\/v2\/vehizo_feature?post=7539"}],"curies":[{"name":"wp","href":"https:\/\/api.w.org\/{rel}","templated":true}]}}